{"id":7346,"date":"2020-11-24T17:24:16","date_gmt":"2020-11-24T20:24:16","guid":{"rendered":"http:\/\/www.centraldenoticias.com.ar\/?page_id=7346"},"modified":"2024-01-11T18:37:28","modified_gmt":"2024-01-11T21:37:28","slug":"policiales","status":"publish","type":"page","link":"https:\/\/cdnoticias.com\/index.php\/policiales\/","title":{"rendered":"Policiales"},"content":{"rendered":"<div id=\"pl-7346\"  class=\"panel-layout\" ><div id=\"pg-7346-0\"  class=\"panel-grid panel-no-style\" ><div id=\"pgc-7346-0-0\"  class=\"panel-grid-cell\" ><div id=\"panel-7346-0-0-0\" class=\"so-panel widget widget_media_image panel-first-child\" data-index=\"0\" style=\"margin-bottom: 30px\" ><img loading=\"lazy\" decoding=\"async\" width=\"800\" height=\"115\" src=\"https:\/\/i0.wp.com\/cdnoticias.com\/wp-content\/uploads\/2024\/01\/policiales-olavarria.png?fit=800%2C115&amp;ssl=1\" class=\"image wp-image-106520  attachment-full size-full\" alt=\"\" style=\"max-width: 100%; height: auto;\" srcset=\"https:\/\/i0.wp.com\/cdnoticias.com\/wp-content\/uploads\/2024\/01\/policiales-olavarria.png?w=800&amp;ssl=1 800w, https:\/\/i0.wp.com\/cdnoticias.com\/wp-content\/uploads\/2024\/01\/policiales-olavarria.png?resize=300%2C43&amp;ssl=1 300w, https:\/\/i0.wp.com\/cdnoticias.com\/wp-content\/uploads\/2024\/01\/policiales-olavarria.png?resize=768%2C110&amp;ssl=1 768w\" sizes=\"auto, (max-width: 800px) 100vw, 800px\" \/><\/div><div id=\"panel-7346-0-0-1\" class=\"so-panel widget widget_colormag_featured_posts_vertical_widget cm-featured-posts cm-featured-posts--style-2 panel-last-child\" data-index=\"1\" >\r\n\t\t<div class=\"cm-first-post\">\r\n\t\t\t<div class=\"cm-post\">\r\n\t\t\t\t<a href=\"https:\/\/cdnoticias.com\/index.php\/2026\/04\/29\/una-moto-se-toco-con-dos-autos-y-termino-en-el-piso-atendieron-a-su-conductor\/\" title=\"Una moto se toc\u00f3 con dos autos y termin\u00f3 en el piso: atendieron a su conductor\"><img loading=\"lazy\" decoding=\"async\" width=\"390\" height=\"205\" src=\"https:\/\/i0.wp.com\/cdnoticias.com\/wp-content\/uploads\/2026\/04\/colonyridavadia-choque2.jpg?resize=390%2C205&amp;ssl=1\" class=\"attachment-colormag-featured-post-medium size-colormag-featured-post-medium wp-post-image\" alt=\"Una moto se toc\u00f3 con dos autos y termin\u00f3 en el piso: atendieron a su conductor\" title=\"Una moto se toc\u00f3 con dos autos y termin\u00f3 en el piso: atendieron a su conductor\" srcset=\"https:\/\/i0.wp.com\/cdnoticias.com\/wp-content\/uploads\/2026\/04\/colonyridavadia-choque2.jpg?resize=390%2C205&amp;ssl=1 390w, https:\/\/i0.wp.com\/cdnoticias.com\/wp-content\/uploads\/2026\/04\/colonyridavadia-choque2.jpg?zoom=2&amp;resize=390%2C205&amp;ssl=1 780w\" sizes=\"auto, (max-width: 390px) 100vw, 390px\" \/><\/a><\/figure>\r\n\t\t\t\t<div class=\"cm-post-content\">\r\n\t\t\t\t\t<div class=\"cm-entry-header-meta\"><div class=\"cm-post-categories\"><a href=\"https:\/\/cdnoticias.com\/index.php\/category\/policiales\/\" rel=\"category tag\">Policiales<\/a><a href=\"https:\/\/cdnoticias.com\/index.php\/category\/portada\/\" style=\"background:#1e73be\" rel=\"category tag\">Portada<\/a><\/div><\/div><h3 class=\"cm-entry-title\">\t\t\t<a href=\"https:\/\/cdnoticias.com\/index.php\/2026\/04\/29\/una-moto-se-toco-con-dos-autos-y-termino-en-el-piso-atendieron-a-su-conductor\/\" title=\"Una moto se toc\u00f3 con dos autos y termin\u00f3 en el piso: atendieron a su conductor\">\r\n\t\t\tUna moto se toc\u00f3 con dos autos y termin\u00f3 en el piso: atendieron a su conductor\t\t\t<\/a>\r\n\t\t<\/h3><div class=\"cm-below-entry-meta \"><\/div>\r\n\t\t\t\t\t\t\t\t\t\t\t<div class=\"cm-entry-summary\">\r\n\t\t\t\t\t\t\t<p>Fue en la tarde de este mi\u00e9rcoles, en Rivadavia y Col\u00f3n. Fue trasladado al Hospital para su atenci\u00f3n. Este mi\u00e9rcoles<\/p>\n\t\t\t\t\t\t<\/div>\r\n\t\t\t\t\t\t\t\t\t<\/div>\r\n\t\t\t<\/div>\r\n\r\n\t\t\t<\/div><div class=\"cm-posts\">\r\n\t\t\t<div class=\"cm-post\">\r\n\t\t\t\t<a href=\"https:\/\/cdnoticias.com\/index.php\/2026\/04\/29\/violencia-de-genero-allanamiento-y-detencion-en-barrio-el-progreso\/\" title=\"Violencia de g\u00e9nero: allanamiento y detenci\u00f3n en barrio El Progreso\"><img loading=\"lazy\" decoding=\"async\" width=\"130\" height=\"90\" src=\"https:\/\/i0.wp.com\/cdnoticias.com\/wp-content\/uploads\/2026\/04\/libano-al-300a.jpg?resize=130%2C90&amp;ssl=1\" class=\"attachment-colormag-featured-post-small size-colormag-featured-post-small wp-post-image\" alt=\"Violencia de g\u00e9nero: allanamiento y detenci\u00f3n en barrio El Progreso\" title=\"Violencia de g\u00e9nero: allanamiento y detenci\u00f3n en barrio El Progreso\" srcset=\"https:\/\/i0.wp.com\/cdnoticias.com\/wp-content\/uploads\/2026\/04\/libano-al-300a.jpg?resize=392%2C272&amp;ssl=1 392w, https:\/\/i0.wp.com\/cdnoticias.com\/wp-content\/uploads\/2026\/04\/libano-al-300a.jpg?resize=130%2C90&amp;ssl=1 130w, https:\/\/i0.wp.com\/cdnoticias.com\/wp-content\/uploads\/2026\/04\/libano-al-300a.jpg?resize=600%2C417&amp;ssl=1 600w, https:\/\/i0.wp.com\/cdnoticias.com\/wp-content\/uploads\/2026\/04\/libano-al-300a.jpg?zoom=2&amp;resize=130%2C90&amp;ssl=1 260w\" sizes=\"auto, (max-width: 130px) 100vw, 130px\" \/><\/a><\/figure>\r\n\t\t\t\t<div class=\"cm-post-content\">\r\n\t\t\t\t\t<div class=\"cm-entry-header-meta\"><div class=\"cm-post-categories\"><a href=\"https:\/\/cdnoticias.com\/index.php\/category\/policiales\/\" rel=\"category tag\">Policiales<\/a><a href=\"https:\/\/cdnoticias.com\/index.php\/category\/portada\/\" style=\"background:#1e73be\" rel=\"category tag\">Portada<\/a><\/div><\/div><h3 class=\"cm-entry-title\">\t\t\t<a href=\"https:\/\/cdnoticias.com\/index.php\/2026\/04\/29\/violencia-de-genero-allanamiento-y-detencion-en-barrio-el-progreso\/\" title=\"Violencia de g\u00e9nero: allanamiento y detenci\u00f3n en barrio El Progreso\">\r\n\t\t\tViolencia de g\u00e9nero: allanamiento y detenci\u00f3n en barrio El Progreso\t\t\t<\/a>\r\n\t\t<\/h3><div class=\"cm-below-entry-meta \"><\/div>\r\n\t\t\t\t\t\t\t\t\t<\/div>\r\n\t\t\t<\/div>\r\n\r\n\t\t\t\r\n\t\t\t<div class=\"cm-post\">\r\n\t\t\t\t<a href=\"https:\/\/cdnoticias.com\/index.php\/2026\/04\/29\/hacia-un-ano-que-la-buscaba-la-justicia-estaba-en-olavarria\/\" title=\"Hac\u00eda un a\u00f1o que la buscaba la Justicia: estaba en Olavarr\u00eda\"><img loading=\"lazy\" decoding=\"async\" width=\"130\" height=\"90\" src=\"https:\/\/i0.wp.com\/cdnoticias.com\/wp-content\/uploads\/2026\/04\/sarmiento-y-cerrito.jpeg?resize=130%2C90&amp;ssl=1\" class=\"attachment-colormag-featured-post-small size-colormag-featured-post-small wp-post-image\" alt=\"Hac\u00eda un a\u00f1o que la buscaba la Justicia: estaba en Olavarr\u00eda\" title=\"Hac\u00eda un a\u00f1o que la buscaba la Justicia: estaba en Olavarr\u00eda\" srcset=\"https:\/\/i0.wp.com\/cdnoticias.com\/wp-content\/uploads\/2026\/04\/sarmiento-y-cerrito.jpeg?resize=392%2C272&amp;ssl=1 392w, https:\/\/i0.wp.com\/cdnoticias.com\/wp-content\/uploads\/2026\/04\/sarmiento-y-cerrito.jpeg?resize=130%2C90&amp;ssl=1 130w, https:\/\/i0.wp.com\/cdnoticias.com\/wp-content\/uploads\/2026\/04\/sarmiento-y-cerrito.jpeg?resize=600%2C417&amp;ssl=1 600w, https:\/\/i0.wp.com\/cdnoticias.com\/wp-content\/uploads\/2026\/04\/sarmiento-y-cerrito.jpeg?zoom=2&amp;resize=130%2C90&amp;ssl=1 260w\" sizes=\"auto, (max-width: 130px) 100vw, 130px\" \/><\/a><\/figure>\r\n\t\t\t\t<div class=\"cm-post-content\">\r\n\t\t\t\t\t<div class=\"cm-entry-header-meta\"><div class=\"cm-post-categories\"><a href=\"https:\/\/cdnoticias.com\/index.php\/category\/policiales\/\" rel=\"category tag\">Policiales<\/a><a href=\"https:\/\/cdnoticias.com\/index.php\/category\/portada\/\" style=\"background:#1e73be\" rel=\"category tag\">Portada<\/a><\/div><\/div><h3 class=\"cm-entry-title\">\t\t\t<a href=\"https:\/\/cdnoticias.com\/index.php\/2026\/04\/29\/hacia-un-ano-que-la-buscaba-la-justicia-estaba-en-olavarria\/\" title=\"Hac\u00eda un a\u00f1o que la buscaba la Justicia: estaba en Olavarr\u00eda\">\r\n\t\t\tHac\u00eda un a\u00f1o que la buscaba la Justicia: estaba en Olavarr\u00eda\t\t\t<\/a>\r\n\t\t<\/h3><div class=\"cm-below-entry-meta \"><\/div>\r\n\t\t\t\t\t\t\t\t\t<\/div>\r\n\t\t\t<\/div>\r\n\r\n\t\t\t\r\n\t\t\t<div class=\"cm-post\">\r\n\t\t\t\t<a href=\"https:\/\/cdnoticias.com\/index.php\/2026\/04\/29\/salto-un-porton-e-ingreso-a-una-casa-termino-arrestado\/\" title=\"Salt\u00f3 un port\u00f3n e ingres\u00f3 a una casa: termin\u00f3 arrestado\"><img loading=\"lazy\" decoding=\"async\" width=\"130\" height=\"90\" src=\"https:\/\/i0.wp.com\/cdnoticias.com\/wp-content\/uploads\/2026\/04\/guisasola-3400-a.jpg?resize=130%2C90&amp;ssl=1\" class=\"attachment-colormag-featured-post-small size-colormag-featured-post-small wp-post-image\" alt=\"Salt\u00f3 un port\u00f3n e ingres\u00f3 a una casa: termin\u00f3 arrestado\" title=\"Salt\u00f3 un port\u00f3n e ingres\u00f3 a una casa: termin\u00f3 arrestado\" srcset=\"https:\/\/i0.wp.com\/cdnoticias.com\/wp-content\/uploads\/2026\/04\/guisasola-3400-a.jpg?resize=392%2C272&amp;ssl=1 392w, https:\/\/i0.wp.com\/cdnoticias.com\/wp-content\/uploads\/2026\/04\/guisasola-3400-a.jpg?resize=130%2C90&amp;ssl=1 130w, https:\/\/i0.wp.com\/cdnoticias.com\/wp-content\/uploads\/2026\/04\/guisasola-3400-a.jpg?resize=600%2C417&amp;ssl=1 600w, https:\/\/i0.wp.com\/cdnoticias.com\/wp-content\/uploads\/2026\/04\/guisasola-3400-a.jpg?zoom=2&amp;resize=130%2C90&amp;ssl=1 260w\" sizes=\"auto, (max-width: 130px) 100vw, 130px\" \/><\/a><\/figure>\r\n\t\t\t\t<div class=\"cm-post-content\">\r\n\t\t\t\t\t<div class=\"cm-entry-header-meta\"><div class=\"cm-post-categories\"><a href=\"https:\/\/cdnoticias.com\/index.php\/category\/policiales\/\" rel=\"category tag\">Policiales<\/a><a href=\"https:\/\/cdnoticias.com\/index.php\/category\/portada\/\" style=\"background:#1e73be\" rel=\"category tag\">Portada<\/a><\/div><\/div><h3 class=\"cm-entry-title\">\t\t\t<a href=\"https:\/\/cdnoticias.com\/index.php\/2026\/04\/29\/salto-un-porton-e-ingreso-a-una-casa-termino-arrestado\/\" title=\"Salt\u00f3 un port\u00f3n e ingres\u00f3 a una casa: termin\u00f3 arrestado\">\r\n\t\t\tSalt\u00f3 un port\u00f3n e ingres\u00f3 a una casa: termin\u00f3 arrestado\t\t\t<\/a>\r\n\t\t<\/h3><div class=\"cm-below-entry-meta \"><\/div>\r\n\t\t\t\t\t\t\t\t\t<\/div>\r\n\t\t\t<\/div>\r\n\r\n\t\t\t\r\n\t\t\t<div class=\"cm-post\">\r\n\t\t\t\t<a href=\"https:\/\/cdnoticias.com\/index.php\/2026\/04\/29\/imputaron-a-un-joven-de-22-anos-por-un-robo-en-una-vivienda\/\" title=\"Imputaron a un joven de 22 a\u00f1os por un robo en una vivienda\"><img loading=\"lazy\" decoding=\"async\" width=\"130\" height=\"90\" src=\"https:\/\/i0.wp.com\/cdnoticias.com\/wp-content\/uploads\/2026\/04\/robo-vivienda.png?resize=130%2C90&amp;ssl=1\" class=\"attachment-colormag-featured-post-small size-colormag-featured-post-small wp-post-image\" alt=\"Imputaron a un joven de 22 a\u00f1os por un robo en una vivienda\" title=\"Imputaron a un joven de 22 a\u00f1os por un robo en una vivienda\" srcset=\"https:\/\/i0.wp.com\/cdnoticias.com\/wp-content\/uploads\/2026\/04\/robo-vivienda.png?resize=392%2C272&amp;ssl=1 392w, https:\/\/i0.wp.com\/cdnoticias.com\/wp-content\/uploads\/2026\/04\/robo-vivienda.png?resize=130%2C90&amp;ssl=1 130w, https:\/\/i0.wp.com\/cdnoticias.com\/wp-content\/uploads\/2026\/04\/robo-vivienda.png?resize=600%2C417&amp;ssl=1 600w, https:\/\/i0.wp.com\/cdnoticias.com\/wp-content\/uploads\/2026\/04\/robo-vivienda.png?zoom=2&amp;resize=130%2C90&amp;ssl=1 260w\" sizes=\"auto, (max-width: 130px) 100vw, 130px\" \/><\/a><\/figure>\r\n\t\t\t\t<div class=\"cm-post-content\">\r\n\t\t\t\t\t<div class=\"cm-entry-header-meta\"><div class=\"cm-post-categories\"><a href=\"https:\/\/cdnoticias.com\/index.php\/category\/policiales\/\" rel=\"category tag\">Policiales<\/a><a href=\"https:\/\/cdnoticias.com\/index.php\/category\/portada\/\" style=\"background:#1e73be\" rel=\"category tag\">Portada<\/a><\/div><\/div><h3 class=\"cm-entry-title\">\t\t\t<a href=\"https:\/\/cdnoticias.com\/index.php\/2026\/04\/29\/imputaron-a-un-joven-de-22-anos-por-un-robo-en-una-vivienda\/\" title=\"Imputaron a un joven de 22 a\u00f1os por un robo en una vivienda\">\r\n\t\t\tImputaron a un joven de 22 a\u00f1os por un robo en una vivienda\t\t\t<\/a>\r\n\t\t<\/h3><div class=\"cm-below-entry-meta \"><\/div>\r\n\t\t\t\t\t\t\t\t\t<\/div>\r\n\t\t\t<\/div>\r\n\r\n\t\t\t\r\n\t\t\t<div class=\"cm-post\">\r\n\t\t\t\t<a href=\"https:\/\/cdnoticias.com\/index.php\/2026\/04\/29\/la-propietaria-de-un-geriatrico-en-azul-y-un-hombre-de-olavarria-detenidos-por-venta-de-estupefacientes\/\" title=\"La propietaria de un geri\u00e1trico en Azul y un hombre de Olavarr\u00eda detenidos por venta de estupefacientes\"><img loading=\"lazy\" decoding=\"async\" width=\"130\" height=\"90\" src=\"https:\/\/i0.wp.com\/cdnoticias.com\/wp-content\/uploads\/2026\/04\/detenidos-azul-olavarria-01.png?resize=130%2C90&amp;ssl=1\" class=\"attachment-colormag-featured-post-small size-colormag-featured-post-small wp-post-image\" alt=\"La propietaria de un geri\u00e1trico en Azul y un hombre de Olavarr\u00eda detenidos por venta de estupefacientes\" title=\"La propietaria de un geri\u00e1trico en Azul y un hombre de Olavarr\u00eda detenidos por venta de estupefacientes\" srcset=\"https:\/\/i0.wp.com\/cdnoticias.com\/wp-content\/uploads\/2026\/04\/detenidos-azul-olavarria-01.png?resize=392%2C272&amp;ssl=1 392w, https:\/\/i0.wp.com\/cdnoticias.com\/wp-content\/uploads\/2026\/04\/detenidos-azul-olavarria-01.png?resize=130%2C90&amp;ssl=1 130w, https:\/\/i0.wp.com\/cdnoticias.com\/wp-content\/uploads\/2026\/04\/detenidos-azul-olavarria-01.png?resize=600%2C417&amp;ssl=1 600w, https:\/\/i0.wp.com\/cdnoticias.com\/wp-content\/uploads\/2026\/04\/detenidos-azul-olavarria-01.png?zoom=2&amp;resize=130%2C90&amp;ssl=1 260w\" sizes=\"auto, (max-width: 130px) 100vw, 130px\" \/><\/a><\/figure>\r\n\t\t\t\t<div class=\"cm-post-content\">\r\n\t\t\t\t\t<div class=\"cm-entry-header-meta\"><div class=\"cm-post-categories\"><a href=\"https:\/\/cdnoticias.com\/index.php\/category\/policiales\/\" rel=\"category tag\">Policiales<\/a><a href=\"https:\/\/cdnoticias.com\/index.php\/category\/portada\/\" style=\"background:#1e73be\" rel=\"category tag\">Portada<\/a><\/div><\/div><h3 class=\"cm-entry-title\">\t\t\t<a href=\"https:\/\/cdnoticias.com\/index.php\/2026\/04\/29\/la-propietaria-de-un-geriatrico-en-azul-y-un-hombre-de-olavarria-detenidos-por-venta-de-estupefacientes\/\" title=\"La propietaria de un geri\u00e1trico en Azul y un hombre de Olavarr\u00eda detenidos por venta de estupefacientes\">\r\n\t\t\tLa propietaria de un geri\u00e1trico en Azul y un hombre de Olavarr\u00eda detenidos por venta de estupefacientes\t\t\t<\/a>\r\n\t\t<\/h3><div class=\"cm-below-entry-meta \"><\/div>\r\n\t\t\t\t\t\t\t\t\t<\/div>\r\n\t\t\t<\/div>\r\n\r\n\t\t\t\r\n\t\t\t<div class=\"cm-post\">\r\n\t\t\t\t<a href=\"https:\/\/cdnoticias.com\/index.php\/2026\/04\/28\/incineraron-en-olavarria-drogas-ilicitas-secuestradas-en-distintas-causas-penales\/\" title=\"Incineraron en Olavarr\u00eda drogas il\u00edcitas secuestradas en distintas causas penales\"><img loading=\"lazy\" decoding=\"async\" width=\"130\" height=\"90\" src=\"https:\/\/i0.wp.com\/cdnoticias.com\/wp-content\/uploads\/2026\/04\/quema-de-drogas-crematorio-olavarria-02.jpg?resize=130%2C90&amp;ssl=1\" class=\"attachment-colormag-featured-post-small size-colormag-featured-post-small wp-post-image\" alt=\"Incineraron en Olavarr\u00eda drogas il\u00edcitas secuestradas en distintas causas penales\" title=\"Incineraron en Olavarr\u00eda drogas il\u00edcitas secuestradas en distintas causas penales\" srcset=\"https:\/\/i0.wp.com\/cdnoticias.com\/wp-content\/uploads\/2026\/04\/quema-de-drogas-crematorio-olavarria-02.jpg?resize=392%2C272&amp;ssl=1 392w, https:\/\/i0.wp.com\/cdnoticias.com\/wp-content\/uploads\/2026\/04\/quema-de-drogas-crematorio-olavarria-02.jpg?resize=130%2C90&amp;ssl=1 130w, https:\/\/i0.wp.com\/cdnoticias.com\/wp-content\/uploads\/2026\/04\/quema-de-drogas-crematorio-olavarria-02.jpg?resize=600%2C417&amp;ssl=1 600w, https:\/\/i0.wp.com\/cdnoticias.com\/wp-content\/uploads\/2026\/04\/quema-de-drogas-crematorio-olavarria-02.jpg?zoom=2&amp;resize=130%2C90&amp;ssl=1 260w\" sizes=\"auto, (max-width: 130px) 100vw, 130px\" \/><\/a><\/figure>\r\n\t\t\t\t<div class=\"cm-post-content\">\r\n\t\t\t\t\t<div class=\"cm-entry-header-meta\"><div class=\"cm-post-categories\"><a href=\"https:\/\/cdnoticias.com\/index.php\/category\/policiales\/\" rel=\"category tag\">Policiales<\/a><a href=\"https:\/\/cdnoticias.com\/index.php\/category\/portada\/\" style=\"background:#1e73be\" rel=\"category tag\">Portada<\/a><\/div><\/div><h3 class=\"cm-entry-title\">\t\t\t<a href=\"https:\/\/cdnoticias.com\/index.php\/2026\/04\/28\/incineraron-en-olavarria-drogas-ilicitas-secuestradas-en-distintas-causas-penales\/\" title=\"Incineraron en Olavarr\u00eda drogas il\u00edcitas secuestradas en distintas causas penales\">\r\n\t\t\tIncineraron en Olavarr\u00eda drogas il\u00edcitas secuestradas en distintas causas penales\t\t\t<\/a>\r\n\t\t<\/h3><div class=\"cm-below-entry-meta \"><\/div>\r\n\t\t\t\t\t\t\t\t\t<\/div>\r\n\t\t\t<\/div>\r\n\r\n\t\t\t\r\n\t\t\t<div class=\"cm-post\">\r\n\t\t\t\t<a href=\"https:\/\/cdnoticias.com\/index.php\/2026\/04\/28\/un-olavarriense-resulto-herido-en-un-violento-vuelco-en-ruta-226\/\" title=\"Un olavarriense result\u00f3 herido en un violento vuelco en ruta 226\"><img loading=\"lazy\" decoding=\"async\" width=\"130\" height=\"90\" src=\"https:\/\/i0.wp.com\/cdnoticias.com\/wp-content\/uploads\/2026\/04\/vuelco-2261.jpg?resize=130%2C90&amp;ssl=1\" class=\"attachment-colormag-featured-post-small size-colormag-featured-post-small wp-post-image\" alt=\"Un olavarriense result\u00f3 herido en un violento vuelco en ruta 226\" title=\"Un olavarriense result\u00f3 herido en un violento vuelco en ruta 226\" srcset=\"https:\/\/i0.wp.com\/cdnoticias.com\/wp-content\/uploads\/2026\/04\/vuelco-2261.jpg?resize=392%2C272&amp;ssl=1 392w, https:\/\/i0.wp.com\/cdnoticias.com\/wp-content\/uploads\/2026\/04\/vuelco-2261.jpg?resize=130%2C90&amp;ssl=1 130w, https:\/\/i0.wp.com\/cdnoticias.com\/wp-content\/uploads\/2026\/04\/vuelco-2261.jpg?resize=600%2C417&amp;ssl=1 600w, https:\/\/i0.wp.com\/cdnoticias.com\/wp-content\/uploads\/2026\/04\/vuelco-2261.jpg?zoom=2&amp;resize=130%2C90&amp;ssl=1 260w\" sizes=\"auto, (max-width: 130px) 100vw, 130px\" \/><\/a><\/figure>\r\n\t\t\t\t<div class=\"cm-post-content\">\r\n\t\t\t\t\t<div class=\"cm-entry-header-meta\"><div class=\"cm-post-categories\"><a href=\"https:\/\/cdnoticias.com\/index.php\/category\/policiales\/\" rel=\"category tag\">Policiales<\/a><a href=\"https:\/\/cdnoticias.com\/index.php\/category\/portada\/\" style=\"background:#1e73be\" rel=\"category tag\">Portada<\/a><\/div><\/div><h3 class=\"cm-entry-title\">\t\t\t<a href=\"https:\/\/cdnoticias.com\/index.php\/2026\/04\/28\/un-olavarriense-resulto-herido-en-un-violento-vuelco-en-ruta-226\/\" title=\"Un olavarriense result\u00f3 herido en un violento vuelco en ruta 226\">\r\n\t\t\tUn olavarriense result\u00f3 herido en un violento vuelco en ruta 226\t\t\t<\/a>\r\n\t\t<\/h3><div class=\"cm-below-entry-meta \"><\/div>\r\n\t\t\t\t\t\t\t\t\t<\/div>\r\n\t\t\t<\/div>\r\n\r\n\t\t\t\r\n\t\t\t<div class=\"cm-post\">\r\n\t\t\t\t<a href=\"https:\/\/cdnoticias.com\/index.php\/2026\/04\/28\/rompio-un-vidrio-para-robarse-una-motosierra-en-un-local-centrico\/\" title=\"Rompi\u00f3 un vidrio para robar una motosierra en un local c\u00e9ntrico\"><img loading=\"lazy\" decoding=\"async\" width=\"130\" height=\"90\" src=\"https:\/\/i0.wp.com\/cdnoticias.com\/wp-content\/uploads\/2026\/04\/robo-rivadavia-y-sargento-cabral-00.jpg?resize=130%2C90&amp;ssl=1\" class=\"attachment-colormag-featured-post-small size-colormag-featured-post-small wp-post-image\" alt=\"Rompi\u00f3 un vidrio para robar una motosierra en un local c\u00e9ntrico\" title=\"Rompi\u00f3 un vidrio para robar una motosierra en un local c\u00e9ntrico\" srcset=\"https:\/\/i0.wp.com\/cdnoticias.com\/wp-content\/uploads\/2026\/04\/robo-rivadavia-y-sargento-cabral-00.jpg?resize=392%2C272&amp;ssl=1 392w, https:\/\/i0.wp.com\/cdnoticias.com\/wp-content\/uploads\/2026\/04\/robo-rivadavia-y-sargento-cabral-00.jpg?resize=130%2C90&amp;ssl=1 130w, https:\/\/i0.wp.com\/cdnoticias.com\/wp-content\/uploads\/2026\/04\/robo-rivadavia-y-sargento-cabral-00.jpg?resize=600%2C417&amp;ssl=1 600w, https:\/\/i0.wp.com\/cdnoticias.com\/wp-content\/uploads\/2026\/04\/robo-rivadavia-y-sargento-cabral-00.jpg?zoom=2&amp;resize=130%2C90&amp;ssl=1 260w\" sizes=\"auto, (max-width: 130px) 100vw, 130px\" \/><\/a><\/figure>\r\n\t\t\t\t<div class=\"cm-post-content\">\r\n\t\t\t\t\t<div class=\"cm-entry-header-meta\"><div class=\"cm-post-categories\"><a href=\"https:\/\/cdnoticias.com\/index.php\/category\/policiales\/\" rel=\"category tag\">Policiales<\/a><a href=\"https:\/\/cdnoticias.com\/index.php\/category\/portada\/\" style=\"background:#1e73be\" rel=\"category tag\">Portada<\/a><\/div><\/div><h3 class=\"cm-entry-title\">\t\t\t<a href=\"https:\/\/cdnoticias.com\/index.php\/2026\/04\/28\/rompio-un-vidrio-para-robarse-una-motosierra-en-un-local-centrico\/\" title=\"Rompi\u00f3 un vidrio para robar una motosierra en un local c\u00e9ntrico\">\r\n\t\t\tRompi\u00f3 un vidrio para robar una motosierra en un local c\u00e9ntrico\t\t\t<\/a>\r\n\t\t<\/h3><div class=\"cm-below-entry-meta \"><\/div>\r\n\t\t\t\t\t\t\t\t\t<\/div>\r\n\t\t\t<\/div>\r\n\r\n\t\t\t\r\n\t\t\t<div class=\"cm-post\">\r\n\t\t\t\t<a href=\"https:\/\/cdnoticias.com\/index.php\/2026\/04\/27\/un-adolescente-circulaba-en-una-moto-con-varias-irregularidades-y-fue-interceptado\/\" title=\"Un adolescente circulaba en una moto con varias irregularidades y fue interceptado\"><img loading=\"lazy\" decoding=\"async\" width=\"130\" height=\"90\" src=\"https:\/\/i0.wp.com\/cdnoticias.com\/wp-content\/uploads\/2026\/04\/moto-secuestrada.jpg?resize=130%2C90&amp;ssl=1\" class=\"attachment-colormag-featured-post-small size-colormag-featured-post-small wp-post-image\" alt=\"Un adolescente circulaba en una moto con varias irregularidades y fue interceptado\" title=\"Un adolescente circulaba en una moto con varias irregularidades y fue interceptado\" srcset=\"https:\/\/i0.wp.com\/cdnoticias.com\/wp-content\/uploads\/2026\/04\/moto-secuestrada.jpg?resize=392%2C272&amp;ssl=1 392w, https:\/\/i0.wp.com\/cdnoticias.com\/wp-content\/uploads\/2026\/04\/moto-secuestrada.jpg?resize=130%2C90&amp;ssl=1 130w, https:\/\/i0.wp.com\/cdnoticias.com\/wp-content\/uploads\/2026\/04\/moto-secuestrada.jpg?resize=600%2C417&amp;ssl=1 600w, https:\/\/i0.wp.com\/cdnoticias.com\/wp-content\/uploads\/2026\/04\/moto-secuestrada.jpg?zoom=2&amp;resize=130%2C90&amp;ssl=1 260w\" sizes=\"auto, (max-width: 130px) 100vw, 130px\" \/><\/a><\/figure>\r\n\t\t\t\t<div class=\"cm-post-content\">\r\n\t\t\t\t\t<div class=\"cm-entry-header-meta\"><div class=\"cm-post-categories\"><a href=\"https:\/\/cdnoticias.com\/index.php\/category\/policiales\/\" rel=\"category tag\">Policiales<\/a><a href=\"https:\/\/cdnoticias.com\/index.php\/category\/portada\/\" style=\"background:#1e73be\" rel=\"category tag\">Portada<\/a><\/div><\/div><h3 class=\"cm-entry-title\">\t\t\t<a href=\"https:\/\/cdnoticias.com\/index.php\/2026\/04\/27\/un-adolescente-circulaba-en-una-moto-con-varias-irregularidades-y-fue-interceptado\/\" title=\"Un adolescente circulaba en una moto con varias irregularidades y fue interceptado\">\r\n\t\t\tUn adolescente circulaba en una moto con varias irregularidades y fue interceptado\t\t\t<\/a>\r\n\t\t<\/h3><div class=\"cm-below-entry-meta \"><\/div>\r\n\t\t\t\t\t\t\t\t\t<\/div>\r\n\t\t\t<\/div>\r\n\r\n\t\t\t\r\n\t\t\t<div class=\"cm-post\">\r\n\t\t\t\t<a href=\"https:\/\/cdnoticias.com\/index.php\/2026\/04\/27\/una-mujer-resulto-herida-en-otro-siniestro-vial-en-la-ciudad\/\" title=\"Una mujer result\u00f3 herida en otro siniestro vial en la ciudad\"><img loading=\"lazy\" decoding=\"async\" width=\"130\" height=\"90\" src=\"https:\/\/i0.wp.com\/cdnoticias.com\/wp-content\/uploads\/2026\/04\/siniestrovial-urquiza-cabral.jpg?resize=130%2C90&amp;ssl=1\" class=\"attachment-colormag-featured-post-small size-colormag-featured-post-small wp-post-image\" alt=\"Una mujer result\u00f3 herida en otro siniestro vial en la ciudad\" title=\"Una mujer result\u00f3 herida en otro siniestro vial en la ciudad\" srcset=\"https:\/\/i0.wp.com\/cdnoticias.com\/wp-content\/uploads\/2026\/04\/siniestrovial-urquiza-cabral.jpg?resize=392%2C272&amp;ssl=1 392w, https:\/\/i0.wp.com\/cdnoticias.com\/wp-content\/uploads\/2026\/04\/siniestrovial-urquiza-cabral.jpg?resize=130%2C90&amp;ssl=1 130w, https:\/\/i0.wp.com\/cdnoticias.com\/wp-content\/uploads\/2026\/04\/siniestrovial-urquiza-cabral.jpg?resize=600%2C417&amp;ssl=1 600w, https:\/\/i0.wp.com\/cdnoticias.com\/wp-content\/uploads\/2026\/04\/siniestrovial-urquiza-cabral.jpg?zoom=2&amp;resize=130%2C90&amp;ssl=1 260w\" sizes=\"auto, (max-width: 130px) 100vw, 130px\" \/><\/a><\/figure>\r\n\t\t\t\t<div class=\"cm-post-content\">\r\n\t\t\t\t\t<div class=\"cm-entry-header-meta\"><div class=\"cm-post-categories\"><a href=\"https:\/\/cdnoticias.com\/index.php\/category\/policiales\/\" rel=\"category tag\">Policiales<\/a><a href=\"https:\/\/cdnoticias.com\/index.php\/category\/portada\/\" style=\"background:#1e73be\" rel=\"category tag\">Portada<\/a><\/div><\/div><h3 class=\"cm-entry-title\">\t\t\t<a href=\"https:\/\/cdnoticias.com\/index.php\/2026\/04\/27\/una-mujer-resulto-herida-en-otro-siniestro-vial-en-la-ciudad\/\" title=\"Una mujer result\u00f3 herida en otro siniestro vial en la ciudad\">\r\n\t\t\tUna mujer result\u00f3 herida en otro siniestro vial en la ciudad\t\t\t<\/a>\r\n\t\t<\/h3><div class=\"cm-below-entry-meta \"><\/div>\r\n\t\t\t\t\t\t\t\t\t<\/div>\r\n\t\t\t<\/div>\r\n\r\n\t\t\t\r\n\t\t\t<div class=\"cm-post\">\r\n\t\t\t\t<a href=\"https:\/\/cdnoticias.com\/index.php\/2026\/04\/27\/una-nina-resulto-con-golpes-tras-un-siniestro-vial-en-colon-y-beruti\/\" title=\"Una ni\u00f1a result\u00f3 con golpes tras un siniestro vial en Col\u00f3n y Beruti\"><img loading=\"lazy\" decoding=\"async\" width=\"130\" height=\"90\" src=\"https:\/\/i0.wp.com\/cdnoticias.com\/wp-content\/uploads\/2026\/04\/siniestrovial-beruti-colon.jpg?resize=130%2C90&amp;ssl=1\" class=\"attachment-colormag-featured-post-small size-colormag-featured-post-small wp-post-image\" alt=\"Una ni\u00f1a result\u00f3 con golpes tras un siniestro vial en Col\u00f3n y Beruti\" title=\"Una ni\u00f1a result\u00f3 con golpes tras un siniestro vial en Col\u00f3n y Beruti\" srcset=\"https:\/\/i0.wp.com\/cdnoticias.com\/wp-content\/uploads\/2026\/04\/siniestrovial-beruti-colon.jpg?resize=392%2C272&amp;ssl=1 392w, https:\/\/i0.wp.com\/cdnoticias.com\/wp-content\/uploads\/2026\/04\/siniestrovial-beruti-colon.jpg?resize=130%2C90&amp;ssl=1 130w, https:\/\/i0.wp.com\/cdnoticias.com\/wp-content\/uploads\/2026\/04\/siniestrovial-beruti-colon.jpg?resize=600%2C417&amp;ssl=1 600w, https:\/\/i0.wp.com\/cdnoticias.com\/wp-content\/uploads\/2026\/04\/siniestrovial-beruti-colon.jpg?zoom=2&amp;resize=130%2C90&amp;ssl=1 260w\" sizes=\"auto, (max-width: 130px) 100vw, 130px\" \/><\/a><\/figure>\r\n\t\t\t\t<div class=\"cm-post-content\">\r\n\t\t\t\t\t<div class=\"cm-entry-header-meta\"><div class=\"cm-post-categories\"><a href=\"https:\/\/cdnoticias.com\/index.php\/category\/policiales\/\" rel=\"category tag\">Policiales<\/a><a href=\"https:\/\/cdnoticias.com\/index.php\/category\/portada\/\" style=\"background:#1e73be\" rel=\"category tag\">Portada<\/a><\/div><\/div><h3 class=\"cm-entry-title\">\t\t\t<a href=\"https:\/\/cdnoticias.com\/index.php\/2026\/04\/27\/una-nina-resulto-con-golpes-tras-un-siniestro-vial-en-colon-y-beruti\/\" title=\"Una ni\u00f1a result\u00f3 con golpes tras un siniestro vial en Col\u00f3n y Beruti\">\r\n\t\t\tUna ni\u00f1a result\u00f3 con golpes tras un siniestro vial en Col\u00f3n y Beruti\t\t\t<\/a>\r\n\t\t<\/h3><div class=\"cm-below-entry-meta \"><\/div>\r\n\t\t\t\t\t\t\t\t\t<\/div>\r\n\t\t\t<\/div>\r\n\r\n\t\t\t\r\n\t\t\t<div class=\"cm-post\">\r\n\t\t\t\t<a href=\"https:\/\/cdnoticias.com\/index.php\/2026\/04\/24\/una-mujer-resulto-herida-tras-ser-atropellada-por-una-camioneta\/\" title=\"Una mujer result\u00f3 herida tras ser atropellada por una camioneta\"><img loading=\"lazy\" decoding=\"async\" width=\"130\" height=\"90\" src=\"https:\/\/i0.wp.com\/cdnoticias.com\/wp-content\/uploads\/2026\/04\/vicente-lopez-y-bolivar-choque-00.jpg?resize=130%2C90&amp;ssl=1\" class=\"attachment-colormag-featured-post-small size-colormag-featured-post-small wp-post-image\" alt=\"Una mujer result\u00f3 herida tras ser atropellada por una camioneta\" title=\"Una mujer result\u00f3 herida tras ser atropellada por una camioneta\" srcset=\"https:\/\/i0.wp.com\/cdnoticias.com\/wp-content\/uploads\/2026\/04\/vicente-lopez-y-bolivar-choque-00.jpg?resize=392%2C272&amp;ssl=1 392w, https:\/\/i0.wp.com\/cdnoticias.com\/wp-content\/uploads\/2026\/04\/vicente-lopez-y-bolivar-choque-00.jpg?resize=130%2C90&amp;ssl=1 130w, https:\/\/i0.wp.com\/cdnoticias.com\/wp-content\/uploads\/2026\/04\/vicente-lopez-y-bolivar-choque-00.jpg?resize=600%2C417&amp;ssl=1 600w, https:\/\/i0.wp.com\/cdnoticias.com\/wp-content\/uploads\/2026\/04\/vicente-lopez-y-bolivar-choque-00.jpg?zoom=2&amp;resize=130%2C90&amp;ssl=1 260w\" sizes=\"auto, (max-width: 130px) 100vw, 130px\" \/><\/a><\/figure>\r\n\t\t\t\t<div class=\"cm-post-content\">\r\n\t\t\t\t\t<div class=\"cm-entry-header-meta\"><div class=\"cm-post-categories\"><a href=\"https:\/\/cdnoticias.com\/index.php\/category\/policiales\/\" rel=\"category tag\">Policiales<\/a><a href=\"https:\/\/cdnoticias.com\/index.php\/category\/portada\/\" style=\"background:#1e73be\" rel=\"category tag\">Portada<\/a><\/div><\/div><h3 class=\"cm-entry-title\">\t\t\t<a href=\"https:\/\/cdnoticias.com\/index.php\/2026\/04\/24\/una-mujer-resulto-herida-tras-ser-atropellada-por-una-camioneta\/\" title=\"Una mujer result\u00f3 herida tras ser atropellada por una camioneta\">\r\n\t\t\tUna mujer result\u00f3 herida tras ser atropellada por una camioneta\t\t\t<\/a>\r\n\t\t<\/h3><div class=\"cm-below-entry-meta \"><\/div>\r\n\t\t\t\t\t\t\t\t\t<\/div>\r\n\t\t\t<\/div>\r\n\r\n\t\t\t\r\n\t\t\t<div class=\"cm-post\">\r\n\t\t\t\t<a href=\"https:\/\/cdnoticias.com\/index.php\/2026\/04\/24\/narcotrafico-en-el-centro-de-la-provincia-tras-9-allanamientos-hay-7-detenidos-uno-de-olavarria\/\" title=\"Narcotr\u00e1fico en el centro de la provincia: tras 9 allanamientos hay 7 detenidos, uno de Olavarr\u00eda\"><img loading=\"lazy\" decoding=\"async\" width=\"130\" height=\"90\" src=\"https:\/\/i0.wp.com\/cdnoticias.com\/wp-content\/uploads\/2026\/04\/allanamientos-drogas-juzgado-federal-de-azul-02.jpg?resize=130%2C90&amp;ssl=1\" class=\"attachment-colormag-featured-post-small size-colormag-featured-post-small wp-post-image\" alt=\"Narcotr\u00e1fico en el centro de la provincia: tras 9 allanamientos hay 7 detenidos, uno de Olavarr\u00eda\" title=\"Narcotr\u00e1fico en el centro de la provincia: tras 9 allanamientos hay 7 detenidos, uno de Olavarr\u00eda\" srcset=\"https:\/\/i0.wp.com\/cdnoticias.com\/wp-content\/uploads\/2026\/04\/allanamientos-drogas-juzgado-federal-de-azul-02.jpg?resize=392%2C272&amp;ssl=1 392w, https:\/\/i0.wp.com\/cdnoticias.com\/wp-content\/uploads\/2026\/04\/allanamientos-drogas-juzgado-federal-de-azul-02.jpg?resize=130%2C90&amp;ssl=1 130w, https:\/\/i0.wp.com\/cdnoticias.com\/wp-content\/uploads\/2026\/04\/allanamientos-drogas-juzgado-federal-de-azul-02.jpg?resize=600%2C417&amp;ssl=1 600w, https:\/\/i0.wp.com\/cdnoticias.com\/wp-content\/uploads\/2026\/04\/allanamientos-drogas-juzgado-federal-de-azul-02.jpg?zoom=2&amp;resize=130%2C90&amp;ssl=1 260w\" sizes=\"auto, (max-width: 130px) 100vw, 130px\" \/><\/a><\/figure>\r\n\t\t\t\t<div class=\"cm-post-content\">\r\n\t\t\t\t\t<div class=\"cm-entry-header-meta\"><div class=\"cm-post-categories\"><a href=\"https:\/\/cdnoticias.com\/index.php\/category\/policiales\/\" rel=\"category tag\">Policiales<\/a><a href=\"https:\/\/cdnoticias.com\/index.php\/category\/portada\/\" style=\"background:#1e73be\" rel=\"category tag\">Portada<\/a><\/div><\/div><h3 class=\"cm-entry-title\">\t\t\t<a href=\"https:\/\/cdnoticias.com\/index.php\/2026\/04\/24\/narcotrafico-en-el-centro-de-la-provincia-tras-9-allanamientos-hay-7-detenidos-uno-de-olavarria\/\" title=\"Narcotr\u00e1fico en el centro de la provincia: tras 9 allanamientos hay 7 detenidos, uno de Olavarr\u00eda\">\r\n\t\t\tNarcotr\u00e1fico en el centro de la provincia: tras 9 allanamientos hay 7 detenidos, uno de Olavarr\u00eda\t\t\t<\/a>\r\n\t\t<\/h3><div class=\"cm-below-entry-meta \"><\/div>\r\n\t\t\t\t\t\t\t\t\t<\/div>\r\n\t\t\t<\/div>\r\n\r\n\t\t\t\r\n\t\t\t<div class=\"cm-post\">\r\n\t\t\t\t<a href=\"https:\/\/cdnoticias.com\/index.php\/2026\/04\/24\/violento-choque-entre-un-auto-y-una-camioneta-en-pleno-microcentro\/\" title=\"Violento choque entre un auto y una camioneta en pleno microcentro\"><img loading=\"lazy\" decoding=\"async\" width=\"130\" height=\"90\" src=\"https:\/\/i0.wp.com\/cdnoticias.com\/wp-content\/uploads\/2026\/04\/choque-suarez-moreno.png?resize=130%2C90&amp;ssl=1\" class=\"attachment-colormag-featured-post-small size-colormag-featured-post-small wp-post-image\" alt=\"Violento choque entre un auto y una camioneta en pleno microcentro\" title=\"Violento choque entre un auto y una camioneta en pleno microcentro\" srcset=\"https:\/\/i0.wp.com\/cdnoticias.com\/wp-content\/uploads\/2026\/04\/choque-suarez-moreno.png?resize=392%2C272&amp;ssl=1 392w, https:\/\/i0.wp.com\/cdnoticias.com\/wp-content\/uploads\/2026\/04\/choque-suarez-moreno.png?resize=130%2C90&amp;ssl=1 130w, https:\/\/i0.wp.com\/cdnoticias.com\/wp-content\/uploads\/2026\/04\/choque-suarez-moreno.png?resize=600%2C417&amp;ssl=1 600w, https:\/\/i0.wp.com\/cdnoticias.com\/wp-content\/uploads\/2026\/04\/choque-suarez-moreno.png?zoom=2&amp;resize=130%2C90&amp;ssl=1 260w\" sizes=\"auto, (max-width: 130px) 100vw, 130px\" \/><\/a><\/figure>\r\n\t\t\t\t<div class=\"cm-post-content\">\r\n\t\t\t\t\t<div class=\"cm-entry-header-meta\"><div class=\"cm-post-categories\"><a href=\"https:\/\/cdnoticias.com\/index.php\/category\/policiales\/\" rel=\"category tag\">Policiales<\/a><a href=\"https:\/\/cdnoticias.com\/index.php\/category\/portada\/\" style=\"background:#1e73be\" rel=\"category tag\">Portada<\/a><\/div><\/div><h3 class=\"cm-entry-title\">\t\t\t<a href=\"https:\/\/cdnoticias.com\/index.php\/2026\/04\/24\/violento-choque-entre-un-auto-y-una-camioneta-en-pleno-microcentro\/\" title=\"Violento choque entre un auto y una camioneta en pleno microcentro\">\r\n\t\t\tViolento choque entre un auto y una camioneta en pleno microcentro\t\t\t<\/a>\r\n\t\t<\/h3><div class=\"cm-below-entry-meta \"><\/div>\r\n\t\t\t\t\t\t\t\t\t<\/div>\r\n\t\t\t<\/div>\r\n\r\n\t\t\t\r\n\t\t\t<div class=\"cm-post\">\r\n\t\t\t\t<a href=\"https:\/\/cdnoticias.com\/index.php\/2026\/04\/24\/delitos-rurales-patrullaje-en-olavarria-con-un-drones-con-camara-termica\/\" title=\"Delitos rurales: patrullaje en Olavarr\u00eda con drones con c\u00e1mara t\u00e9rmica\"><img loading=\"lazy\" decoding=\"async\" width=\"130\" height=\"90\" src=\"https:\/\/i0.wp.com\/cdnoticias.com\/wp-content\/uploads\/2026\/04\/drone-policia-aerodromo-00.jpg?resize=130%2C90&amp;ssl=1\" class=\"attachment-colormag-featured-post-small size-colormag-featured-post-small wp-post-image\" alt=\"Delitos rurales: patrullaje en Olavarr\u00eda con drones con c\u00e1mara t\u00e9rmica\" title=\"Delitos rurales: patrullaje en Olavarr\u00eda con drones con c\u00e1mara t\u00e9rmica\" srcset=\"https:\/\/i0.wp.com\/cdnoticias.com\/wp-content\/uploads\/2026\/04\/drone-policia-aerodromo-00.jpg?resize=392%2C272&amp;ssl=1 392w, https:\/\/i0.wp.com\/cdnoticias.com\/wp-content\/uploads\/2026\/04\/drone-policia-aerodromo-00.jpg?resize=130%2C90&amp;ssl=1 130w, https:\/\/i0.wp.com\/cdnoticias.com\/wp-content\/uploads\/2026\/04\/drone-policia-aerodromo-00.jpg?resize=600%2C417&amp;ssl=1 600w, https:\/\/i0.wp.com\/cdnoticias.com\/wp-content\/uploads\/2026\/04\/drone-policia-aerodromo-00.jpg?zoom=2&amp;resize=130%2C90&amp;ssl=1 260w\" sizes=\"auto, (max-width: 130px) 100vw, 130px\" \/><\/a><\/figure>\r\n\t\t\t\t<div class=\"cm-post-content\">\r\n\t\t\t\t\t<div class=\"cm-entry-header-meta\"><div class=\"cm-post-categories\"><a href=\"https:\/\/cdnoticias.com\/index.php\/category\/policiales\/\" rel=\"category tag\">Policiales<\/a><a href=\"https:\/\/cdnoticias.com\/index.php\/category\/portada\/\" style=\"background:#1e73be\" rel=\"category tag\">Portada<\/a><\/div><\/div><h3 class=\"cm-entry-title\">\t\t\t<a href=\"https:\/\/cdnoticias.com\/index.php\/2026\/04\/24\/delitos-rurales-patrullaje-en-olavarria-con-un-drones-con-camara-termica\/\" title=\"Delitos rurales: patrullaje en Olavarr\u00eda con drones con c\u00e1mara t\u00e9rmica\">\r\n\t\t\tDelitos rurales: patrullaje en Olavarr\u00eda con drones con c\u00e1mara t\u00e9rmica\t\t\t<\/a>\r\n\t\t<\/h3><div class=\"cm-below-entry-meta \"><\/div>\r\n\t\t\t\t\t\t\t\t\t<\/div>\r\n\t\t\t<\/div>\r\n\r\n\t\t\t\r\n\t\t\t<div class=\"cm-post\">\r\n\t\t\t\t<a href=\"https:\/\/cdnoticias.com\/index.php\/2026\/04\/23\/prision-preventiva-para-los-cuatro-imputados-de-robar-a-camioneros-en-la-region\/\" title=\"Prisi\u00f3n preventiva para los cuatro imputados de robar a camioneros en la regi\u00f3n\"><img loading=\"lazy\" decoding=\"async\" width=\"130\" height=\"90\" src=\"https:\/\/i0.wp.com\/cdnoticias.com\/wp-content\/uploads\/2026\/04\/DDI-allanamientos-robos-a-camioneros-2.jpg?resize=130%2C90&amp;ssl=1\" class=\"attachment-colormag-featured-post-small size-colormag-featured-post-small wp-post-image\" alt=\"Prisi\u00f3n preventiva para los cuatro imputados de robar a camioneros en la regi\u00f3n\" title=\"Prisi\u00f3n preventiva para los cuatro imputados de robar a camioneros en la regi\u00f3n\" srcset=\"https:\/\/i0.wp.com\/cdnoticias.com\/wp-content\/uploads\/2026\/04\/DDI-allanamientos-robos-a-camioneros-2.jpg?resize=392%2C272&amp;ssl=1 392w, https:\/\/i0.wp.com\/cdnoticias.com\/wp-content\/uploads\/2026\/04\/DDI-allanamientos-robos-a-camioneros-2.jpg?resize=130%2C90&amp;ssl=1 130w, https:\/\/i0.wp.com\/cdnoticias.com\/wp-content\/uploads\/2026\/04\/DDI-allanamientos-robos-a-camioneros-2.jpg?resize=600%2C417&amp;ssl=1 600w, https:\/\/i0.wp.com\/cdnoticias.com\/wp-content\/uploads\/2026\/04\/DDI-allanamientos-robos-a-camioneros-2.jpg?zoom=2&amp;resize=130%2C90&amp;ssl=1 260w\" sizes=\"auto, (max-width: 130px) 100vw, 130px\" \/><\/a><\/figure>\r\n\t\t\t\t<div class=\"cm-post-content\">\r\n\t\t\t\t\t<div class=\"cm-entry-header-meta\"><div class=\"cm-post-categories\"><a href=\"https:\/\/cdnoticias.com\/index.php\/category\/policiales\/\" rel=\"category tag\">Policiales<\/a><a href=\"https:\/\/cdnoticias.com\/index.php\/category\/portada\/\" style=\"background:#1e73be\" rel=\"category tag\">Portada<\/a><\/div><\/div><h3 class=\"cm-entry-title\">\t\t\t<a href=\"https:\/\/cdnoticias.com\/index.php\/2026\/04\/23\/prision-preventiva-para-los-cuatro-imputados-de-robar-a-camioneros-en-la-region\/\" title=\"Prisi\u00f3n preventiva para los cuatro imputados de robar a camioneros en la regi\u00f3n\">\r\n\t\t\tPrisi\u00f3n preventiva para los cuatro imputados de robar a camioneros en la regi\u00f3n\t\t\t<\/a>\r\n\t\t<\/h3><div class=\"cm-below-entry-meta \"><\/div>\r\n\t\t\t\t\t\t\t\t\t<\/div>\r\n\t\t\t<\/div>\r\n\r\n\t\t\t\r\n\t\t\t<div class=\"cm-post\">\r\n\t\t\t\t<a href=\"https:\/\/cdnoticias.com\/index.php\/2026\/04\/22\/choque-y-vuelco-en-san-vicente-dejo-una-mujer-herida\/\" title=\"Choque y vuelco en San Vicente dej\u00f3 una mujer herida\"><img loading=\"lazy\" decoding=\"async\" width=\"130\" height=\"90\" src=\"https:\/\/i0.wp.com\/cdnoticias.com\/wp-content\/uploads\/2026\/04\/accidente-collinet-25demayo-02.png?resize=130%2C90&amp;ssl=1\" class=\"attachment-colormag-featured-post-small size-colormag-featured-post-small wp-post-image\" alt=\"Choque y vuelco en San Vicente dej\u00f3 una mujer herida\" title=\"Choque y vuelco en San Vicente dej\u00f3 una mujer herida\" srcset=\"https:\/\/i0.wp.com\/cdnoticias.com\/wp-content\/uploads\/2026\/04\/accidente-collinet-25demayo-02.png?resize=392%2C272&amp;ssl=1 392w, https:\/\/i0.wp.com\/cdnoticias.com\/wp-content\/uploads\/2026\/04\/accidente-collinet-25demayo-02.png?resize=130%2C90&amp;ssl=1 130w, https:\/\/i0.wp.com\/cdnoticias.com\/wp-content\/uploads\/2026\/04\/accidente-collinet-25demayo-02.png?resize=600%2C417&amp;ssl=1 600w, https:\/\/i0.wp.com\/cdnoticias.com\/wp-content\/uploads\/2026\/04\/accidente-collinet-25demayo-02.png?zoom=2&amp;resize=130%2C90&amp;ssl=1 260w\" sizes=\"auto, (max-width: 130px) 100vw, 130px\" \/><\/a><\/figure>\r\n\t\t\t\t<div class=\"cm-post-content\">\r\n\t\t\t\t\t<div class=\"cm-entry-header-meta\"><div class=\"cm-post-categories\"><a href=\"https:\/\/cdnoticias.com\/index.php\/category\/policiales\/\" rel=\"category tag\">Policiales<\/a><a href=\"https:\/\/cdnoticias.com\/index.php\/category\/portada\/\" style=\"background:#1e73be\" rel=\"category tag\">Portada<\/a><\/div><\/div><h3 class=\"cm-entry-title\">\t\t\t<a href=\"https:\/\/cdnoticias.com\/index.php\/2026\/04\/22\/choque-y-vuelco-en-san-vicente-dejo-una-mujer-herida\/\" title=\"Choque y vuelco en San Vicente dej\u00f3 una mujer herida\">\r\n\t\t\tChoque y vuelco en San Vicente dej\u00f3 una mujer herida\t\t\t<\/a>\r\n\t\t<\/h3><div class=\"cm-below-entry-meta \"><\/div>\r\n\t\t\t\t\t\t\t\t\t<\/div>\r\n\t\t\t<\/div>\r\n\r\n\t\t\t\r\n\t\t\t<div class=\"cm-post\">\r\n\t\t\t\t<a href=\"https:\/\/cdnoticias.com\/index.php\/2026\/04\/21\/aprehendieron-a-una-mujer-por-incumplir-una-restriccion-judicial\/\" title=\"Aprehendieron a una mujer por incumplir una restricci\u00f3n judicial\u00a0\"><img loading=\"lazy\" decoding=\"async\" width=\"130\" height=\"90\" src=\"https:\/\/i0.wp.com\/cdnoticias.com\/wp-content\/uploads\/2026\/04\/aprehendidarestriccion-amenazas1.jpg?resize=130%2C90&amp;ssl=1\" class=\"attachment-colormag-featured-post-small size-colormag-featured-post-small wp-post-image\" alt=\"Aprehendieron a una mujer por incumplir una restricci\u00f3n judicial\u00a0\" title=\"Aprehendieron a una mujer por incumplir una restricci\u00f3n judicial\u00a0\" srcset=\"https:\/\/i0.wp.com\/cdnoticias.com\/wp-content\/uploads\/2026\/04\/aprehendidarestriccion-amenazas1.jpg?resize=392%2C272&amp;ssl=1 392w, https:\/\/i0.wp.com\/cdnoticias.com\/wp-content\/uploads\/2026\/04\/aprehendidarestriccion-amenazas1.jpg?resize=130%2C90&amp;ssl=1 130w, https:\/\/i0.wp.com\/cdnoticias.com\/wp-content\/uploads\/2026\/04\/aprehendidarestriccion-amenazas1.jpg?resize=600%2C417&amp;ssl=1 600w, https:\/\/i0.wp.com\/cdnoticias.com\/wp-content\/uploads\/2026\/04\/aprehendidarestriccion-amenazas1.jpg?zoom=2&amp;resize=130%2C90&amp;ssl=1 260w\" sizes=\"auto, (max-width: 130px) 100vw, 130px\" \/><\/a><\/figure>\r\n\t\t\t\t<div class=\"cm-post-content\">\r\n\t\t\t\t\t<div class=\"cm-entry-header-meta\"><div class=\"cm-post-categories\"><a href=\"https:\/\/cdnoticias.com\/index.php\/category\/policiales\/\" rel=\"category tag\">Policiales<\/a><a href=\"https:\/\/cdnoticias.com\/index.php\/category\/portada\/\" style=\"background:#1e73be\" rel=\"category tag\">Portada<\/a><\/div><\/div><h3 class=\"cm-entry-title\">\t\t\t<a href=\"https:\/\/cdnoticias.com\/index.php\/2026\/04\/21\/aprehendieron-a-una-mujer-por-incumplir-una-restriccion-judicial\/\" title=\"Aprehendieron a una mujer por incumplir una restricci\u00f3n judicial\u00a0\">\r\n\t\t\tAprehendieron a una mujer por incumplir una restricci\u00f3n judicial\u00a0\t\t\t<\/a>\r\n\t\t<\/h3><div class=\"cm-below-entry-meta \"><\/div>\r\n\t\t\t\t\t\t\t\t\t<\/div>\r\n\t\t\t<\/div>\r\n\r\n\t\t\t\r\n\t\t\t<div class=\"cm-post\">\r\n\t\t\t\t<a href=\"https:\/\/cdnoticias.com\/index.php\/2026\/04\/21\/allanamientos-por-robos-reiterados-a-una-ferreteria-secuestran-inflables-y-un-posnet\/\" title=\"Allanamientos por robos reiterados a una ferreter\u00eda: secuestran inflables y un posnet\"><img loading=\"lazy\" decoding=\"async\" width=\"130\" height=\"90\" src=\"https:\/\/i0.wp.com\/cdnoticias.com\/wp-content\/uploads\/2026\/04\/allanamientos-inflables.01.png?resize=130%2C90&amp;ssl=1\" class=\"attachment-colormag-featured-post-small size-colormag-featured-post-small wp-post-image\" alt=\"Allanamientos por robos reiterados a una ferreter\u00eda: secuestran inflables y un posnet\" title=\"Allanamientos por robos reiterados a una ferreter\u00eda: secuestran inflables y un posnet\" srcset=\"https:\/\/i0.wp.com\/cdnoticias.com\/wp-content\/uploads\/2026\/04\/allanamientos-inflables.01.png?resize=392%2C272&amp;ssl=1 392w, https:\/\/i0.wp.com\/cdnoticias.com\/wp-content\/uploads\/2026\/04\/allanamientos-inflables.01.png?resize=130%2C90&amp;ssl=1 130w, https:\/\/i0.wp.com\/cdnoticias.com\/wp-content\/uploads\/2026\/04\/allanamientos-inflables.01.png?resize=600%2C417&amp;ssl=1 600w, https:\/\/i0.wp.com\/cdnoticias.com\/wp-content\/uploads\/2026\/04\/allanamientos-inflables.01.png?zoom=2&amp;resize=130%2C90&amp;ssl=1 260w\" sizes=\"auto, (max-width: 130px) 100vw, 130px\" \/><\/a><\/figure>\r\n\t\t\t\t<div class=\"cm-post-content\">\r\n\t\t\t\t\t<div class=\"cm-entry-header-meta\"><div class=\"cm-post-categories\"><a href=\"https:\/\/cdnoticias.com\/index.php\/category\/policiales\/\" rel=\"category tag\">Policiales<\/a><a href=\"https:\/\/cdnoticias.com\/index.php\/category\/portada\/\" style=\"background:#1e73be\" rel=\"category tag\">Portada<\/a><\/div><\/div><h3 class=\"cm-entry-title\">\t\t\t<a href=\"https:\/\/cdnoticias.com\/index.php\/2026\/04\/21\/allanamientos-por-robos-reiterados-a-una-ferreteria-secuestran-inflables-y-un-posnet\/\" title=\"Allanamientos por robos reiterados a una ferreter\u00eda: secuestran inflables y un posnet\">\r\n\t\t\tAllanamientos por robos reiterados a una ferreter\u00eda: secuestran inflables y un posnet\t\t\t<\/a>\r\n\t\t<\/h3><div class=\"cm-below-entry-meta \"><\/div>\r\n\t\t\t\t\t\t\t\t\t<\/div>\r\n\t\t\t<\/div>\r\n\r\n\t\t\t\r\n\t\t\t<div class=\"cm-post\">\r\n\t\t\t\t<a href=\"https:\/\/cdnoticias.com\/index.php\/2026\/04\/21\/infraccionaron-a-tres-cazadores-furtivos-en-un-camino-rural\/\" title=\"Infraccionaron a tres cazadores furtivos en un camino rural\"><img loading=\"lazy\" decoding=\"async\" width=\"130\" height=\"90\" src=\"https:\/\/i0.wp.com\/cdnoticias.com\/wp-content\/uploads\/2026\/04\/camino-vecinal-Blanca-Grande-hacia-Recalde-00.jpg?resize=130%2C90&amp;ssl=1\" class=\"attachment-colormag-featured-post-small size-colormag-featured-post-small wp-post-image\" alt=\"Infraccionaron a tres cazadores furtivos en un camino rural\" title=\"Infraccionaron a tres cazadores furtivos en un camino rural\" srcset=\"https:\/\/i0.wp.com\/cdnoticias.com\/wp-content\/uploads\/2026\/04\/camino-vecinal-Blanca-Grande-hacia-Recalde-00.jpg?resize=392%2C272&amp;ssl=1 392w, https:\/\/i0.wp.com\/cdnoticias.com\/wp-content\/uploads\/2026\/04\/camino-vecinal-Blanca-Grande-hacia-Recalde-00.jpg?resize=130%2C90&amp;ssl=1 130w, https:\/\/i0.wp.com\/cdnoticias.com\/wp-content\/uploads\/2026\/04\/camino-vecinal-Blanca-Grande-hacia-Recalde-00.jpg?resize=600%2C417&amp;ssl=1 600w, https:\/\/i0.wp.com\/cdnoticias.com\/wp-content\/uploads\/2026\/04\/camino-vecinal-Blanca-Grande-hacia-Recalde-00.jpg?zoom=2&amp;resize=130%2C90&amp;ssl=1 260w\" sizes=\"auto, (max-width: 130px) 100vw, 130px\" \/><\/a><\/figure>\r\n\t\t\t\t<div class=\"cm-post-content\">\r\n\t\t\t\t\t<div class=\"cm-entry-header-meta\"><div class=\"cm-post-categories\"><a href=\"https:\/\/cdnoticias.com\/index.php\/category\/policiales\/\" rel=\"category tag\">Policiales<\/a><a href=\"https:\/\/cdnoticias.com\/index.php\/category\/portada\/\" style=\"background:#1e73be\" rel=\"category tag\">Portada<\/a><\/div><\/div><h3 class=\"cm-entry-title\">\t\t\t<a href=\"https:\/\/cdnoticias.com\/index.php\/2026\/04\/21\/infraccionaron-a-tres-cazadores-furtivos-en-un-camino-rural\/\" title=\"Infraccionaron a tres cazadores furtivos en un camino rural\">\r\n\t\t\tInfraccionaron a tres cazadores furtivos en un camino rural\t\t\t<\/a>\r\n\t\t<\/h3><div class=\"cm-below-entry-meta \"><\/div>\r\n\t\t\t\t\t\t\t\t\t<\/div>\r\n\t\t\t<\/div>\r\n\r\n\t\t\t\r\n\t\t\t<div class=\"cm-post\">\r\n\t\t\t\t<a href=\"https:\/\/cdnoticias.com\/index.php\/2026\/04\/21\/tras-dos-abigeatos-en-campos-de-olavarria-alerta-por-suba-interanual-de-los-hechos\/\" title=\"Tras dos abigeatos en campos de Olavarr\u00eda, alerta por suba interanual de los hechos\"><img loading=\"lazy\" decoding=\"async\" width=\"130\" height=\"90\" src=\"https:\/\/i0.wp.com\/cdnoticias.com\/wp-content\/uploads\/2026\/04\/abigeato-ruta-51-establecimiento-el-foso.jpg?resize=130%2C90&amp;ssl=1\" class=\"attachment-colormag-featured-post-small size-colormag-featured-post-small wp-post-image\" alt=\"Tras dos abigeatos en campos de Olavarr\u00eda, alerta por suba interanual de los hechos\" title=\"Tras dos abigeatos en campos de Olavarr\u00eda, alerta por suba interanual de los hechos\" srcset=\"https:\/\/i0.wp.com\/cdnoticias.com\/wp-content\/uploads\/2026\/04\/abigeato-ruta-51-establecimiento-el-foso.jpg?resize=392%2C272&amp;ssl=1 392w, https:\/\/i0.wp.com\/cdnoticias.com\/wp-content\/uploads\/2026\/04\/abigeato-ruta-51-establecimiento-el-foso.jpg?resize=130%2C90&amp;ssl=1 130w, https:\/\/i0.wp.com\/cdnoticias.com\/wp-content\/uploads\/2026\/04\/abigeato-ruta-51-establecimiento-el-foso.jpg?resize=600%2C417&amp;ssl=1 600w, https:\/\/i0.wp.com\/cdnoticias.com\/wp-content\/uploads\/2026\/04\/abigeato-ruta-51-establecimiento-el-foso.jpg?zoom=2&amp;resize=130%2C90&amp;ssl=1 260w\" sizes=\"auto, (max-width: 130px) 100vw, 130px\" \/><\/a><\/figure>\r\n\t\t\t\t<div class=\"cm-post-content\">\r\n\t\t\t\t\t<div class=\"cm-entry-header-meta\"><div class=\"cm-post-categories\"><a href=\"https:\/\/cdnoticias.com\/index.php\/category\/policiales\/\" rel=\"category tag\">Policiales<\/a><a href=\"https:\/\/cdnoticias.com\/index.php\/category\/portada\/\" style=\"background:#1e73be\" rel=\"category tag\">Portada<\/a><\/div><\/div><h3 class=\"cm-entry-title\">\t\t\t<a href=\"https:\/\/cdnoticias.com\/index.php\/2026\/04\/21\/tras-dos-abigeatos-en-campos-de-olavarria-alerta-por-suba-interanual-de-los-hechos\/\" title=\"Tras dos abigeatos en campos de Olavarr\u00eda, alerta por suba interanual de los hechos\">\r\n\t\t\tTras dos abigeatos en campos de Olavarr\u00eda, alerta por suba interanual de los hechos\t\t\t<\/a>\r\n\t\t<\/h3><div class=\"cm-below-entry-meta \"><\/div>\r\n\t\t\t\t\t\t\t\t\t<\/div>\r\n\t\t\t<\/div>\r\n\r\n\t\t\t\r\n\t\t\t<div class=\"cm-post\">\r\n\t\t\t\t<a href=\"https:\/\/cdnoticias.com\/index.php\/2026\/04\/20\/hallaron-sin-vida-a-un-hombre-dentro-de-su-auto-en-avenida-del-valle-e-independencia\/\" title=\"Hallaron sin vida a un hombre dentro de su auto en avenida Del Valle e Independencia\"><img loading=\"lazy\" decoding=\"async\" width=\"130\" height=\"90\" src=\"https:\/\/i0.wp.com\/cdnoticias.com\/wp-content\/uploads\/2026\/04\/auto-fallecido.jpg?resize=130%2C90&amp;ssl=1\" class=\"attachment-colormag-featured-post-small size-colormag-featured-post-small wp-post-image\" alt=\"Hallaron sin vida a un hombre dentro de su auto en avenida Del Valle e Independencia\" title=\"Hallaron sin vida a un hombre dentro de su auto en avenida Del Valle e Independencia\" srcset=\"https:\/\/i0.wp.com\/cdnoticias.com\/wp-content\/uploads\/2026\/04\/auto-fallecido.jpg?resize=392%2C272&amp;ssl=1 392w, https:\/\/i0.wp.com\/cdnoticias.com\/wp-content\/uploads\/2026\/04\/auto-fallecido.jpg?resize=130%2C90&amp;ssl=1 130w, https:\/\/i0.wp.com\/cdnoticias.com\/wp-content\/uploads\/2026\/04\/auto-fallecido.jpg?resize=600%2C417&amp;ssl=1 600w, https:\/\/i0.wp.com\/cdnoticias.com\/wp-content\/uploads\/2026\/04\/auto-fallecido.jpg?zoom=2&amp;resize=130%2C90&amp;ssl=1 260w\" sizes=\"auto, (max-width: 130px) 100vw, 130px\" \/><\/a><\/figure>\r\n\t\t\t\t<div class=\"cm-post-content\">\r\n\t\t\t\t\t<div class=\"cm-entry-header-meta\"><div class=\"cm-post-categories\"><a href=\"https:\/\/cdnoticias.com\/index.php\/category\/policiales\/\" rel=\"category tag\">Policiales<\/a><a href=\"https:\/\/cdnoticias.com\/index.php\/category\/portada\/\" style=\"background:#1e73be\" rel=\"category tag\">Portada<\/a><\/div><\/div><h3 class=\"cm-entry-title\">\t\t\t<a href=\"https:\/\/cdnoticias.com\/index.php\/2026\/04\/20\/hallaron-sin-vida-a-un-hombre-dentro-de-su-auto-en-avenida-del-valle-e-independencia\/\" title=\"Hallaron sin vida a un hombre dentro de su auto en avenida Del Valle e Independencia\">\r\n\t\t\tHallaron sin vida a un hombre dentro de su auto en avenida Del Valle e Independencia\t\t\t<\/a>\r\n\t\t<\/h3><div class=\"cm-below-entry-meta \"><\/div>\r\n\t\t\t\t\t\t\t\t\t<\/div>\r\n\t\t\t<\/div>\r\n\r\n\t\t\t\r\n\t\t\t<div class=\"cm-post\">\r\n\t\t\t\t<a href=\"https:\/\/cdnoticias.com\/index.php\/2026\/04\/20\/fue-hallada-en-lomas-de-zamora-la-adolescente-que-era-buscada-en-olavarria\/\" title=\"Fue hallada en Lomas de Zamora la adolescente que era buscada en Olavarr\u00eda\"><img loading=\"lazy\" decoding=\"async\" width=\"130\" height=\"90\" src=\"https:\/\/i0.wp.com\/cdnoticias.com\/wp-content\/uploads\/2023\/10\/comisaria-primera.jpg?resize=130%2C90&amp;ssl=1\" class=\"attachment-colormag-featured-post-small size-colormag-featured-post-small wp-post-image\" alt=\"Fue hallada en Lomas de Zamora la adolescente que era buscada en Olavarr\u00eda\" title=\"Fue hallada en Lomas de Zamora la adolescente que era buscada en Olavarr\u00eda\" srcset=\"https:\/\/i0.wp.com\/cdnoticias.com\/wp-content\/uploads\/2023\/10\/comisaria-primera.jpg?resize=392%2C272&amp;ssl=1 392w, https:\/\/i0.wp.com\/cdnoticias.com\/wp-content\/uploads\/2023\/10\/comisaria-primera.jpg?resize=130%2C90&amp;ssl=1 130w, https:\/\/i0.wp.com\/cdnoticias.com\/wp-content\/uploads\/2023\/10\/comisaria-primera.jpg?zoom=2&amp;resize=130%2C90&amp;ssl=1 260w\" sizes=\"auto, (max-width: 130px) 100vw, 130px\" \/><\/a><\/figure>\r\n\t\t\t\t<div class=\"cm-post-content\">\r\n\t\t\t\t\t<div class=\"cm-entry-header-meta\"><div class=\"cm-post-categories\"><a href=\"https:\/\/cdnoticias.com\/index.php\/category\/policiales\/\" rel=\"category tag\">Policiales<\/a><a href=\"https:\/\/cdnoticias.com\/index.php\/category\/portada\/\" style=\"background:#1e73be\" rel=\"category tag\">Portada<\/a><\/div><\/div><h3 class=\"cm-entry-title\">\t\t\t<a href=\"https:\/\/cdnoticias.com\/index.php\/2026\/04\/20\/fue-hallada-en-lomas-de-zamora-la-adolescente-que-era-buscada-en-olavarria\/\" title=\"Fue hallada en Lomas de Zamora la adolescente que era buscada en Olavarr\u00eda\">\r\n\t\t\tFue hallada en Lomas de Zamora la adolescente que era buscada en Olavarr\u00eda\t\t\t<\/a>\r\n\t\t<\/h3><div class=\"cm-below-entry-meta \"><\/div>\r\n\t\t\t\t\t\t\t\t\t<\/div>\r\n\t\t\t<\/div>\r\n\r\n\t\t\t\r\n\t\t\t<div class=\"cm-post\">\r\n\t\t\t\t<a href=\"https:\/\/cdnoticias.com\/index.php\/2026\/04\/20\/un-siniestro-vial-expuso-un-cruce-riesgoso-iluminacion-cero-peligro-todos\/\" title=\"Un siniestro vial expuso un cruce riesgoso: \u201ciluminaci\u00f3n cero, peligro todos\u201d\"><img loading=\"lazy\" decoding=\"async\" width=\"130\" height=\"90\" src=\"https:\/\/i0.wp.com\/cdnoticias.com\/wp-content\/uploads\/2026\/04\/choque-circunvalacion-y-sarmiento-00.jpg?resize=130%2C90&amp;ssl=1\" class=\"attachment-colormag-featured-post-small size-colormag-featured-post-small wp-post-image\" alt=\"Un siniestro vial expuso un cruce riesgoso: \u201ciluminaci\u00f3n cero, peligro todos\u201d\" title=\"Un siniestro vial expuso un cruce riesgoso: \u201ciluminaci\u00f3n cero, peligro todos\u201d\" srcset=\"https:\/\/i0.wp.com\/cdnoticias.com\/wp-content\/uploads\/2026\/04\/choque-circunvalacion-y-sarmiento-00.jpg?resize=392%2C272&amp;ssl=1 392w, https:\/\/i0.wp.com\/cdnoticias.com\/wp-content\/uploads\/2026\/04\/choque-circunvalacion-y-sarmiento-00.jpg?resize=130%2C90&amp;ssl=1 130w, https:\/\/i0.wp.com\/cdnoticias.com\/wp-content\/uploads\/2026\/04\/choque-circunvalacion-y-sarmiento-00.jpg?resize=600%2C417&amp;ssl=1 600w, https:\/\/i0.wp.com\/cdnoticias.com\/wp-content\/uploads\/2026\/04\/choque-circunvalacion-y-sarmiento-00.jpg?zoom=2&amp;resize=130%2C90&amp;ssl=1 260w\" sizes=\"auto, (max-width: 130px) 100vw, 130px\" \/><\/a><\/figure>\r\n\t\t\t\t<div class=\"cm-post-content\">\r\n\t\t\t\t\t<div class=\"cm-entry-header-meta\"><div class=\"cm-post-categories\"><a href=\"https:\/\/cdnoticias.com\/index.php\/category\/policiales\/\" rel=\"category tag\">Policiales<\/a><a href=\"https:\/\/cdnoticias.com\/index.php\/category\/portada\/\" style=\"background:#1e73be\" rel=\"category tag\">Portada<\/a><\/div><\/div><h3 class=\"cm-entry-title\">\t\t\t<a href=\"https:\/\/cdnoticias.com\/index.php\/2026\/04\/20\/un-siniestro-vial-expuso-un-cruce-riesgoso-iluminacion-cero-peligro-todos\/\" title=\"Un siniestro vial expuso un cruce riesgoso: \u201ciluminaci\u00f3n cero, peligro todos\u201d\">\r\n\t\t\tUn siniestro vial expuso un cruce riesgoso: \u201ciluminaci\u00f3n cero, peligro todos\u201d\t\t\t<\/a>\r\n\t\t<\/h3><div class=\"cm-below-entry-meta \"><\/div>\r\n\t\t\t\t\t\t\t\t\t<\/div>\r\n\t\t\t<\/div>\r\n\r\n\t\t\t\r\n\t\t\t<div class=\"cm-post\">\r\n\t\t\t\t<a href=\"https:\/\/cdnoticias.com\/index.php\/2026\/04\/19\/una-confrontacion-vecinal-termino-con-dos-arrestados\/\" title=\"Una confrontaci\u00f3n vecinal termin\u00f3 con dos arrestados\u00a0\"><img loading=\"lazy\" decoding=\"async\" width=\"130\" height=\"90\" src=\"https:\/\/i0.wp.com\/cdnoticias.com\/wp-content\/uploads\/2026\/04\/detenidos-disturbios-viapublica.jpg?resize=130%2C90&amp;ssl=1\" class=\"attachment-colormag-featured-post-small size-colormag-featured-post-small wp-post-image\" alt=\"Una confrontaci\u00f3n vecinal termin\u00f3 con dos arrestados\u00a0\" title=\"Una confrontaci\u00f3n vecinal termin\u00f3 con dos arrestados\u00a0\" srcset=\"https:\/\/i0.wp.com\/cdnoticias.com\/wp-content\/uploads\/2026\/04\/detenidos-disturbios-viapublica.jpg?resize=392%2C272&amp;ssl=1 392w, https:\/\/i0.wp.com\/cdnoticias.com\/wp-content\/uploads\/2026\/04\/detenidos-disturbios-viapublica.jpg?resize=130%2C90&amp;ssl=1 130w, https:\/\/i0.wp.com\/cdnoticias.com\/wp-content\/uploads\/2026\/04\/detenidos-disturbios-viapublica.jpg?resize=600%2C417&amp;ssl=1 600w, https:\/\/i0.wp.com\/cdnoticias.com\/wp-content\/uploads\/2026\/04\/detenidos-disturbios-viapublica.jpg?zoom=2&amp;resize=130%2C90&amp;ssl=1 260w\" sizes=\"auto, (max-width: 130px) 100vw, 130px\" \/><\/a><\/figure>\r\n\t\t\t\t<div class=\"cm-post-content\">\r\n\t\t\t\t\t<div class=\"cm-entry-header-meta\"><div class=\"cm-post-categories\"><a href=\"https:\/\/cdnoticias.com\/index.php\/category\/policiales\/\" rel=\"category tag\">Policiales<\/a><a href=\"https:\/\/cdnoticias.com\/index.php\/category\/portada\/\" style=\"background:#1e73be\" rel=\"category tag\">Portada<\/a><\/div><\/div><h3 class=\"cm-entry-title\">\t\t\t<a href=\"https:\/\/cdnoticias.com\/index.php\/2026\/04\/19\/una-confrontacion-vecinal-termino-con-dos-arrestados\/\" title=\"Una confrontaci\u00f3n vecinal termin\u00f3 con dos arrestados\u00a0\">\r\n\t\t\tUna confrontaci\u00f3n vecinal termin\u00f3 con dos arrestados\u00a0\t\t\t<\/a>\r\n\t\t<\/h3><div class=\"cm-below-entry-meta \"><\/div>\r\n\t\t\t\t\t\t\t\t\t<\/div>\r\n\t\t\t<\/div>\r\n\r\n\t\t\t\r\n\t\t\t<div class=\"cm-post\">\r\n\t\t\t\t<a href=\"https:\/\/cdnoticias.com\/index.php\/2026\/04\/19\/un-hombre-detenido-por-molestar-disturbios-y-estado-de-ebriedad\/\" title=\"Un hombre detenido por ocasionar disturbios y estado de ebriedad\u00a0\"><img loading=\"lazy\" decoding=\"async\" width=\"130\" height=\"90\" src=\"https:\/\/i0.wp.com\/cdnoticias.com\/wp-content\/uploads\/2026\/04\/detenido-viapublica-1.jpg?resize=130%2C90&amp;ssl=1\" class=\"attachment-colormag-featured-post-small size-colormag-featured-post-small wp-post-image\" alt=\"Un hombre detenido por ocasionar disturbios y estado de ebriedad\u00a0\" title=\"Un hombre detenido por ocasionar disturbios y estado de ebriedad\u00a0\" srcset=\"https:\/\/i0.wp.com\/cdnoticias.com\/wp-content\/uploads\/2026\/04\/detenido-viapublica-1.jpg?resize=392%2C272&amp;ssl=1 392w, https:\/\/i0.wp.com\/cdnoticias.com\/wp-content\/uploads\/2026\/04\/detenido-viapublica-1.jpg?resize=130%2C90&amp;ssl=1 130w, https:\/\/i0.wp.com\/cdnoticias.com\/wp-content\/uploads\/2026\/04\/detenido-viapublica-1.jpg?resize=600%2C417&amp;ssl=1 600w, https:\/\/i0.wp.com\/cdnoticias.com\/wp-content\/uploads\/2026\/04\/detenido-viapublica-1.jpg?zoom=2&amp;resize=130%2C90&amp;ssl=1 260w\" sizes=\"auto, (max-width: 130px) 100vw, 130px\" \/><\/a><\/figure>\r\n\t\t\t\t<div class=\"cm-post-content\">\r\n\t\t\t\t\t<div class=\"cm-entry-header-meta\"><div class=\"cm-post-categories\"><a href=\"https:\/\/cdnoticias.com\/index.php\/category\/policiales\/\" rel=\"category tag\">Policiales<\/a><a href=\"https:\/\/cdnoticias.com\/index.php\/category\/portada\/\" style=\"background:#1e73be\" rel=\"category tag\">Portada<\/a><\/div><\/div><h3 class=\"cm-entry-title\">\t\t\t<a href=\"https:\/\/cdnoticias.com\/index.php\/2026\/04\/19\/un-hombre-detenido-por-molestar-disturbios-y-estado-de-ebriedad\/\" title=\"Un hombre detenido por ocasionar disturbios y estado de ebriedad\u00a0\">\r\n\t\t\tUn hombre detenido por ocasionar disturbios y estado de ebriedad\u00a0\t\t\t<\/a>\r\n\t\t<\/h3><div class=\"cm-below-entry-meta \"><\/div>\r\n\t\t\t\t\t\t\t\t\t<\/div>\r\n\t\t\t<\/div>\r\n\r\n\t\t\t\r\n\t\t\t<div class=\"cm-post\">\r\n\t\t\t\t<a href=\"https:\/\/cdnoticias.com\/index.php\/2026\/04\/18\/tragico-accidente-vehicular-en-ruta-51-dejo-una-persona-fallecida\/\" title=\"Tr\u00e1gico accidente vehicular en Ruta 51 dej\u00f3 una persona fallecida\u00a0\"><img loading=\"lazy\" decoding=\"async\" width=\"130\" height=\"90\" src=\"https:\/\/i0.wp.com\/cdnoticias.com\/wp-content\/uploads\/2026\/04\/choque-ruta51-laprida1.jpg?resize=130%2C90&amp;ssl=1\" class=\"attachment-colormag-featured-post-small size-colormag-featured-post-small wp-post-image\" alt=\"Tr\u00e1gico accidente vehicular en Ruta 51 dej\u00f3 una persona fallecida\u00a0\" title=\"Tr\u00e1gico accidente vehicular en Ruta 51 dej\u00f3 una persona fallecida\u00a0\" srcset=\"https:\/\/i0.wp.com\/cdnoticias.com\/wp-content\/uploads\/2026\/04\/choque-ruta51-laprida1.jpg?resize=392%2C272&amp;ssl=1 392w, https:\/\/i0.wp.com\/cdnoticias.com\/wp-content\/uploads\/2026\/04\/choque-ruta51-laprida1.jpg?resize=130%2C90&amp;ssl=1 130w, https:\/\/i0.wp.com\/cdnoticias.com\/wp-content\/uploads\/2026\/04\/choque-ruta51-laprida1.jpg?resize=600%2C417&amp;ssl=1 600w, https:\/\/i0.wp.com\/cdnoticias.com\/wp-content\/uploads\/2026\/04\/choque-ruta51-laprida1.jpg?zoom=2&amp;resize=130%2C90&amp;ssl=1 260w\" sizes=\"auto, (max-width: 130px) 100vw, 130px\" \/><\/a><\/figure>\r\n\t\t\t\t<div class=\"cm-post-content\">\r\n\t\t\t\t\t<div class=\"cm-entry-header-meta\"><div class=\"cm-post-categories\"><a href=\"https:\/\/cdnoticias.com\/index.php\/category\/policiales\/\" rel=\"category tag\">Policiales<\/a><a href=\"https:\/\/cdnoticias.com\/index.php\/category\/portada\/\" style=\"background:#1e73be\" rel=\"category tag\">Portada<\/a><\/div><\/div><h3 class=\"cm-entry-title\">\t\t\t<a href=\"https:\/\/cdnoticias.com\/index.php\/2026\/04\/18\/tragico-accidente-vehicular-en-ruta-51-dejo-una-persona-fallecida\/\" title=\"Tr\u00e1gico accidente vehicular en Ruta 51 dej\u00f3 una persona fallecida\u00a0\">\r\n\t\t\tTr\u00e1gico accidente vehicular en Ruta 51 dej\u00f3 una persona fallecida\u00a0\t\t\t<\/a>\r\n\t\t<\/h3><div class=\"cm-below-entry-meta \"><\/div>\r\n\t\t\t\t\t\t\t\t\t<\/div>\r\n\t\t\t<\/div>\r\n\r\n\t\t\t\r\n\t\t\t<div class=\"cm-post\">\r\n\t\t\t\t<a href=\"https:\/\/cdnoticias.com\/index.php\/2026\/04\/18\/detenido-por-numerosos-hechos-de-violencia-de-genero-3\/\" title=\"Detenido por numerosos hechos de violencia de g\u00e9nero\"><img loading=\"lazy\" decoding=\"async\" width=\"130\" height=\"90\" src=\"https:\/\/i0.wp.com\/cdnoticias.com\/wp-content\/uploads\/2026\/04\/san-lorenzo-1500.jpeg?resize=130%2C90&amp;ssl=1\" class=\"attachment-colormag-featured-post-small size-colormag-featured-post-small wp-post-image\" alt=\"Detenido por numerosos hechos de violencia de g\u00e9nero\" title=\"Detenido por numerosos hechos de violencia de g\u00e9nero\" srcset=\"https:\/\/i0.wp.com\/cdnoticias.com\/wp-content\/uploads\/2026\/04\/san-lorenzo-1500.jpeg?resize=392%2C272&amp;ssl=1 392w, https:\/\/i0.wp.com\/cdnoticias.com\/wp-content\/uploads\/2026\/04\/san-lorenzo-1500.jpeg?resize=130%2C90&amp;ssl=1 130w, https:\/\/i0.wp.com\/cdnoticias.com\/wp-content\/uploads\/2026\/04\/san-lorenzo-1500.jpeg?resize=600%2C417&amp;ssl=1 600w, https:\/\/i0.wp.com\/cdnoticias.com\/wp-content\/uploads\/2026\/04\/san-lorenzo-1500.jpeg?zoom=2&amp;resize=130%2C90&amp;ssl=1 260w\" sizes=\"auto, (max-width: 130px) 100vw, 130px\" \/><\/a><\/figure>\r\n\t\t\t\t<div class=\"cm-post-content\">\r\n\t\t\t\t\t<div class=\"cm-entry-header-meta\"><div class=\"cm-post-categories\"><a href=\"https:\/\/cdnoticias.com\/index.php\/category\/policiales\/\" rel=\"category tag\">Policiales<\/a><a href=\"https:\/\/cdnoticias.com\/index.php\/category\/portada\/\" style=\"background:#1e73be\" rel=\"category tag\">Portada<\/a><\/div><\/div><h3 class=\"cm-entry-title\">\t\t\t<a href=\"https:\/\/cdnoticias.com\/index.php\/2026\/04\/18\/detenido-por-numerosos-hechos-de-violencia-de-genero-3\/\" title=\"Detenido por numerosos hechos de violencia de g\u00e9nero\">\r\n\t\t\tDetenido por numerosos hechos de violencia de g\u00e9nero\t\t\t<\/a>\r\n\t\t<\/h3><div class=\"cm-below-entry-meta \"><\/div>\r\n\t\t\t\t\t\t\t\t\t<\/div>\r\n\t\t\t<\/div>\r\n\r\n\t\t\t\r\n\t\t\t<div class=\"cm-post\">\r\n\t\t\t\t<a href=\"https:\/\/cdnoticias.com\/index.php\/2026\/04\/17\/fuerte-choque-en-buchardo-y-moreno-un-auto-termino-sobre-la-vereda\/\" title=\"Fuerte choque en Buchardo y Moreno: un auto termin\u00f3 sobre la vereda\"><img loading=\"lazy\" decoding=\"async\" width=\"130\" height=\"90\" src=\"https:\/\/i0.wp.com\/cdnoticias.com\/wp-content\/uploads\/2026\/04\/choque-enlineanoticias1-e1776465173249.jpeg?resize=130%2C90&amp;ssl=1\" class=\"attachment-colormag-featured-post-small size-colormag-featured-post-small wp-post-image\" alt=\"Fuerte choque en Buchardo y Moreno: un auto termin\u00f3 sobre la vereda\" title=\"Fuerte choque en Buchardo y Moreno: un auto termin\u00f3 sobre la vereda\" srcset=\"https:\/\/i0.wp.com\/cdnoticias.com\/wp-content\/uploads\/2026\/04\/choque-enlineanoticias1-e1776465173249.jpeg?resize=392%2C272&amp;ssl=1 392w, https:\/\/i0.wp.com\/cdnoticias.com\/wp-content\/uploads\/2026\/04\/choque-enlineanoticias1-e1776465173249.jpeg?resize=130%2C90&amp;ssl=1 130w, https:\/\/i0.wp.com\/cdnoticias.com\/wp-content\/uploads\/2026\/04\/choque-enlineanoticias1-e1776465173249.jpeg?resize=600%2C417&amp;ssl=1 600w, https:\/\/i0.wp.com\/cdnoticias.com\/wp-content\/uploads\/2026\/04\/choque-enlineanoticias1-e1776465173249.jpeg?zoom=2&amp;resize=130%2C90&amp;ssl=1 260w\" sizes=\"auto, (max-width: 130px) 100vw, 130px\" \/><\/a><\/figure>\r\n\t\t\t\t<div class=\"cm-post-content\">\r\n\t\t\t\t\t<div class=\"cm-entry-header-meta\"><div class=\"cm-post-categories\"><a href=\"https:\/\/cdnoticias.com\/index.php\/category\/policiales\/\" rel=\"category tag\">Policiales<\/a><a href=\"https:\/\/cdnoticias.com\/index.php\/category\/portada\/\" style=\"background:#1e73be\" rel=\"category tag\">Portada<\/a><\/div><\/div><h3 class=\"cm-entry-title\">\t\t\t<a href=\"https:\/\/cdnoticias.com\/index.php\/2026\/04\/17\/fuerte-choque-en-buchardo-y-moreno-un-auto-termino-sobre-la-vereda\/\" title=\"Fuerte choque en Buchardo y Moreno: un auto termin\u00f3 sobre la vereda\">\r\n\t\t\tFuerte choque en Buchardo y Moreno: un auto termin\u00f3 sobre la vereda\t\t\t<\/a>\r\n\t\t<\/h3><div class=\"cm-below-entry-meta \"><\/div>\r\n\t\t\t\t\t\t\t\t\t<\/div>\r\n\t\t\t<\/div>\r\n\r\n\t\t\t\r\n\t\t\t<div class=\"cm-post\">\r\n\t\t\t\t<a href=\"https:\/\/cdnoticias.com\/index.php\/2026\/04\/17\/quiso-forzar-la-entrada-a-una-capilla-y-termino-arrestado\/\" title=\"Quiso forzar la entrada a una capilla y termin\u00f3 arrestado\"><img loading=\"lazy\" decoding=\"async\" width=\"130\" height=\"90\" src=\"https:\/\/i0.wp.com\/cdnoticias.com\/wp-content\/uploads\/2026\/04\/mendoza-y-las-heras.jpeg?resize=130%2C90&amp;ssl=1\" class=\"attachment-colormag-featured-post-small size-colormag-featured-post-small wp-post-image\" alt=\"Quiso forzar la entrada a una capilla y termin\u00f3 arrestado\" title=\"Quiso forzar la entrada a una capilla y termin\u00f3 arrestado\" srcset=\"https:\/\/i0.wp.com\/cdnoticias.com\/wp-content\/uploads\/2026\/04\/mendoza-y-las-heras.jpeg?resize=392%2C272&amp;ssl=1 392w, https:\/\/i0.wp.com\/cdnoticias.com\/wp-content\/uploads\/2026\/04\/mendoza-y-las-heras.jpeg?resize=130%2C90&amp;ssl=1 130w, https:\/\/i0.wp.com\/cdnoticias.com\/wp-content\/uploads\/2026\/04\/mendoza-y-las-heras.jpeg?resize=600%2C417&amp;ssl=1 600w, https:\/\/i0.wp.com\/cdnoticias.com\/wp-content\/uploads\/2026\/04\/mendoza-y-las-heras.jpeg?zoom=2&amp;resize=130%2C90&amp;ssl=1 260w\" sizes=\"auto, (max-width: 130px) 100vw, 130px\" \/><\/a><\/figure>\r\n\t\t\t\t<div class=\"cm-post-content\">\r\n\t\t\t\t\t<div class=\"cm-entry-header-meta\"><div class=\"cm-post-categories\"><a href=\"https:\/\/cdnoticias.com\/index.php\/category\/policiales\/\" rel=\"category tag\">Policiales<\/a><a href=\"https:\/\/cdnoticias.com\/index.php\/category\/portada\/\" style=\"background:#1e73be\" rel=\"category tag\">Portada<\/a><\/div><\/div><h3 class=\"cm-entry-title\">\t\t\t<a href=\"https:\/\/cdnoticias.com\/index.php\/2026\/04\/17\/quiso-forzar-la-entrada-a-una-capilla-y-termino-arrestado\/\" title=\"Quiso forzar la entrada a una capilla y termin\u00f3 arrestado\">\r\n\t\t\tQuiso forzar la entrada a una capilla y termin\u00f3 arrestado\t\t\t<\/a>\r\n\t\t<\/h3><div class=\"cm-below-entry-meta \"><\/div>\r\n\t\t\t\t\t\t\t\t\t<\/div>\r\n\t\t\t<\/div>\r\n\r\n\t\t\t\r\n\t\t\t<div class=\"cm-post\">\r\n\t\t\t\t<a href=\"https:\/\/cdnoticias.com\/index.php\/2026\/04\/17\/una-mujer-herida-tras-un-despiste-y-vuelco-en-la-rotonda-de-avellaneda-y-eva-peron\/\" title=\"Una mujer herida tras un despiste y vuelco en la rotonda de Avellaneda y Eva Per\u00f3n\"><img loading=\"lazy\" decoding=\"async\" width=\"130\" height=\"90\" src=\"https:\/\/i0.wp.com\/cdnoticias.com\/wp-content\/uploads\/2026\/04\/WhatsApp-Image-2026-04-16-at-8.48.29-PM.jpeg?resize=130%2C90&amp;ssl=1\" class=\"attachment-colormag-featured-post-small size-colormag-featured-post-small wp-post-image\" alt=\"Una mujer herida tras un despiste y vuelco en la rotonda de Avellaneda y Eva Per\u00f3n\" title=\"Una mujer herida tras un despiste y vuelco en la rotonda de Avellaneda y Eva Per\u00f3n\" srcset=\"https:\/\/i0.wp.com\/cdnoticias.com\/wp-content\/uploads\/2026\/04\/WhatsApp-Image-2026-04-16-at-8.48.29-PM.jpeg?resize=392%2C272&amp;ssl=1 392w, https:\/\/i0.wp.com\/cdnoticias.com\/wp-content\/uploads\/2026\/04\/WhatsApp-Image-2026-04-16-at-8.48.29-PM.jpeg?resize=130%2C90&amp;ssl=1 130w, https:\/\/i0.wp.com\/cdnoticias.com\/wp-content\/uploads\/2026\/04\/WhatsApp-Image-2026-04-16-at-8.48.29-PM.jpeg?resize=600%2C417&amp;ssl=1 600w, https:\/\/i0.wp.com\/cdnoticias.com\/wp-content\/uploads\/2026\/04\/WhatsApp-Image-2026-04-16-at-8.48.29-PM.jpeg?zoom=2&amp;resize=130%2C90&amp;ssl=1 260w\" sizes=\"auto, (max-width: 130px) 100vw, 130px\" \/><\/a><\/figure>\r\n\t\t\t\t<div class=\"cm-post-content\">\r\n\t\t\t\t\t<div class=\"cm-entry-header-meta\"><div class=\"cm-post-categories\"><a href=\"https:\/\/cdnoticias.com\/index.php\/category\/policiales\/\" rel=\"category tag\">Policiales<\/a><a href=\"https:\/\/cdnoticias.com\/index.php\/category\/portada\/\" style=\"background:#1e73be\" rel=\"category tag\">Portada<\/a><\/div><\/div><h3 class=\"cm-entry-title\">\t\t\t<a href=\"https:\/\/cdnoticias.com\/index.php\/2026\/04\/17\/una-mujer-herida-tras-un-despiste-y-vuelco-en-la-rotonda-de-avellaneda-y-eva-peron\/\" title=\"Una mujer herida tras un despiste y vuelco en la rotonda de Avellaneda y Eva Per\u00f3n\">\r\n\t\t\tUna mujer herida tras un despiste y vuelco en la rotonda de Avellaneda y Eva Per\u00f3n\t\t\t<\/a>\r\n\t\t<\/h3><div class=\"cm-below-entry-meta \"><\/div>\r\n\t\t\t\t\t\t\t\t\t<\/div>\r\n\t\t\t<\/div>\r\n\r\n\t\t\t\r\n\t\t\t<div class=\"cm-post\">\r\n\t\t\t\t<a href=\"https:\/\/cdnoticias.com\/index.php\/2026\/04\/16\/un-olavarriense-fue-detenido-en-azul-por-un-robo-simple\/\" title=\"Un olavarriense fue detenido en Azul por un robo simple\"><img loading=\"lazy\" decoding=\"async\" width=\"130\" height=\"90\" src=\"https:\/\/i0.wp.com\/cdnoticias.com\/wp-content\/uploads\/2026\/04\/detenido-olavarria1.jpg?resize=130%2C90&amp;ssl=1\" class=\"attachment-colormag-featured-post-small size-colormag-featured-post-small wp-post-image\" alt=\"Un olavarriense fue detenido en Azul por un robo simple\" title=\"Un olavarriense fue detenido en Azul por un robo simple\" srcset=\"https:\/\/i0.wp.com\/cdnoticias.com\/wp-content\/uploads\/2026\/04\/detenido-olavarria1.jpg?resize=392%2C272&amp;ssl=1 392w, https:\/\/i0.wp.com\/cdnoticias.com\/wp-content\/uploads\/2026\/04\/detenido-olavarria1.jpg?resize=130%2C90&amp;ssl=1 130w, https:\/\/i0.wp.com\/cdnoticias.com\/wp-content\/uploads\/2026\/04\/detenido-olavarria1.jpg?resize=600%2C417&amp;ssl=1 600w, https:\/\/i0.wp.com\/cdnoticias.com\/wp-content\/uploads\/2026\/04\/detenido-olavarria1.jpg?zoom=2&amp;resize=130%2C90&amp;ssl=1 260w\" sizes=\"auto, (max-width: 130px) 100vw, 130px\" \/><\/a><\/figure>\r\n\t\t\t\t<div class=\"cm-post-content\">\r\n\t\t\t\t\t<div class=\"cm-entry-header-meta\"><div class=\"cm-post-categories\"><a href=\"https:\/\/cdnoticias.com\/index.php\/category\/policiales\/\" rel=\"category tag\">Policiales<\/a><a href=\"https:\/\/cdnoticias.com\/index.php\/category\/portada\/\" style=\"background:#1e73be\" rel=\"category tag\">Portada<\/a><\/div><\/div><h3 class=\"cm-entry-title\">\t\t\t<a href=\"https:\/\/cdnoticias.com\/index.php\/2026\/04\/16\/un-olavarriense-fue-detenido-en-azul-por-un-robo-simple\/\" title=\"Un olavarriense fue detenido en Azul por un robo simple\">\r\n\t\t\tUn olavarriense fue detenido en Azul por un robo simple\t\t\t<\/a>\r\n\t\t<\/h3><div class=\"cm-below-entry-meta \"><\/div>\r\n\t\t\t\t\t\t\t\t\t<\/div>\r\n\t\t\t<\/div>\r\n\r\n\t\t\t\r\n\t\t\t<div class=\"cm-post\">\r\n\t\t\t\t<a href=\"https:\/\/cdnoticias.com\/index.php\/2026\/04\/16\/un-nino-de-2-anos-fue-impactado-por-una-camioneta-en-barrio-lujan\/\" title=\"Un ni\u00f1o de 2 a\u00f1os fue impactado por una camioneta en barrio Luj\u00e1n\"><img loading=\"lazy\" decoding=\"async\" width=\"130\" height=\"90\" src=\"https:\/\/i0.wp.com\/cdnoticias.com\/wp-content\/uploads\/2026\/04\/accidente-necochea-y-saavedra.png?resize=130%2C90&amp;ssl=1\" class=\"attachment-colormag-featured-post-small size-colormag-featured-post-small wp-post-image\" alt=\"Un ni\u00f1o de 2 a\u00f1os fue impactado por una camioneta en barrio Luj\u00e1n\" title=\"Un ni\u00f1o de 2 a\u00f1os fue impactado por una camioneta en barrio Luj\u00e1n\" srcset=\"https:\/\/i0.wp.com\/cdnoticias.com\/wp-content\/uploads\/2026\/04\/accidente-necochea-y-saavedra.png?resize=392%2C272&amp;ssl=1 392w, https:\/\/i0.wp.com\/cdnoticias.com\/wp-content\/uploads\/2026\/04\/accidente-necochea-y-saavedra.png?resize=130%2C90&amp;ssl=1 130w, https:\/\/i0.wp.com\/cdnoticias.com\/wp-content\/uploads\/2026\/04\/accidente-necochea-y-saavedra.png?resize=600%2C417&amp;ssl=1 600w, https:\/\/i0.wp.com\/cdnoticias.com\/wp-content\/uploads\/2026\/04\/accidente-necochea-y-saavedra.png?zoom=2&amp;resize=130%2C90&amp;ssl=1 260w\" sizes=\"auto, (max-width: 130px) 100vw, 130px\" \/><\/a><\/figure>\r\n\t\t\t\t<div class=\"cm-post-content\">\r\n\t\t\t\t\t<div class=\"cm-entry-header-meta\"><div class=\"cm-post-categories\"><a href=\"https:\/\/cdnoticias.com\/index.php\/category\/policiales\/\" rel=\"category tag\">Policiales<\/a><a href=\"https:\/\/cdnoticias.com\/index.php\/category\/portada\/\" style=\"background:#1e73be\" rel=\"category tag\">Portada<\/a><\/div><\/div><h3 class=\"cm-entry-title\">\t\t\t<a href=\"https:\/\/cdnoticias.com\/index.php\/2026\/04\/16\/un-nino-de-2-anos-fue-impactado-por-una-camioneta-en-barrio-lujan\/\" title=\"Un ni\u00f1o de 2 a\u00f1os fue impactado por una camioneta en barrio Luj\u00e1n\">\r\n\t\t\tUn ni\u00f1o de 2 a\u00f1os fue impactado por una camioneta en barrio Luj\u00e1n\t\t\t<\/a>\r\n\t\t<\/h3><div class=\"cm-below-entry-meta \"><\/div>\r\n\t\t\t\t\t\t\t\t\t<\/div>\r\n\t\t\t<\/div>\r\n\r\n\t\t\t\r\n\t\t\t<div class=\"cm-post\">\r\n\t\t\t\t<a href=\"https:\/\/cdnoticias.com\/index.php\/2026\/04\/13\/desbaratan-una-banda-extorsiva-y-detienen-a-dos-mujeres-en-olavarria\/\" title=\"Desbaratan una banda extorsiva y detienen a dos mujeres en Olavarr\u00eda\u00a0\"><img loading=\"lazy\" decoding=\"async\" width=\"130\" height=\"90\" src=\"https:\/\/i0.wp.com\/cdnoticias.com\/wp-content\/uploads\/2026\/04\/detenidas-extorsion-redes-1111.jpg?resize=130%2C90&amp;ssl=1\" class=\"attachment-colormag-featured-post-small size-colormag-featured-post-small wp-post-image\" alt=\"Desbaratan una banda extorsiva y detienen a dos mujeres en Olavarr\u00eda\u00a0\" title=\"Desbaratan una banda extorsiva y detienen a dos mujeres en Olavarr\u00eda\u00a0\" srcset=\"https:\/\/i0.wp.com\/cdnoticias.com\/wp-content\/uploads\/2026\/04\/detenidas-extorsion-redes-1111.jpg?resize=392%2C272&amp;ssl=1 392w, https:\/\/i0.wp.com\/cdnoticias.com\/wp-content\/uploads\/2026\/04\/detenidas-extorsion-redes-1111.jpg?resize=130%2C90&amp;ssl=1 130w, https:\/\/i0.wp.com\/cdnoticias.com\/wp-content\/uploads\/2026\/04\/detenidas-extorsion-redes-1111.jpg?resize=600%2C417&amp;ssl=1 600w, https:\/\/i0.wp.com\/cdnoticias.com\/wp-content\/uploads\/2026\/04\/detenidas-extorsion-redes-1111.jpg?zoom=2&amp;resize=130%2C90&amp;ssl=1 260w\" sizes=\"auto, (max-width: 130px) 100vw, 130px\" \/><\/a><\/figure>\r\n\t\t\t\t<div class=\"cm-post-content\">\r\n\t\t\t\t\t<div class=\"cm-entry-header-meta\"><div class=\"cm-post-categories\"><a href=\"https:\/\/cdnoticias.com\/index.php\/category\/policiales\/\" rel=\"category tag\">Policiales<\/a><a href=\"https:\/\/cdnoticias.com\/index.php\/category\/portada\/\" style=\"background:#1e73be\" rel=\"category tag\">Portada<\/a><\/div><\/div><h3 class=\"cm-entry-title\">\t\t\t<a href=\"https:\/\/cdnoticias.com\/index.php\/2026\/04\/13\/desbaratan-una-banda-extorsiva-y-detienen-a-dos-mujeres-en-olavarria\/\" title=\"Desbaratan una banda extorsiva y detienen a dos mujeres en Olavarr\u00eda\u00a0\">\r\n\t\t\tDesbaratan una banda extorsiva y detienen a dos mujeres en Olavarr\u00eda\u00a0\t\t\t<\/a>\r\n\t\t<\/h3><div class=\"cm-below-entry-meta \"><\/div>\r\n\t\t\t\t\t\t\t\t\t<\/div>\r\n\t\t\t<\/div>\r\n\r\n\t\t\t\r\n\t\t\t<div class=\"cm-post\">\r\n\t\t\t\t<a href=\"https:\/\/cdnoticias.com\/index.php\/2026\/04\/13\/incautaron-dos-motos-con-irregularidades-en-operativos-preventivos-en-la-ciudad\/\" title=\"Incautaron dos motos con irregularidades en operativos preventivos en la ciudad\"><img loading=\"lazy\" decoding=\"async\" width=\"130\" height=\"90\" src=\"https:\/\/i0.wp.com\/cdnoticias.com\/wp-content\/uploads\/2026\/04\/secuestromoto2.png?resize=130%2C90&amp;ssl=1\" class=\"attachment-colormag-featured-post-small size-colormag-featured-post-small wp-post-image\" alt=\"Incautaron dos motos con irregularidades en operativos preventivos en la ciudad\" title=\"Incautaron dos motos con irregularidades en operativos preventivos en la ciudad\" srcset=\"https:\/\/i0.wp.com\/cdnoticias.com\/wp-content\/uploads\/2026\/04\/secuestromoto2.png?resize=392%2C272&amp;ssl=1 392w, https:\/\/i0.wp.com\/cdnoticias.com\/wp-content\/uploads\/2026\/04\/secuestromoto2.png?resize=130%2C90&amp;ssl=1 130w, https:\/\/i0.wp.com\/cdnoticias.com\/wp-content\/uploads\/2026\/04\/secuestromoto2.png?resize=600%2C417&amp;ssl=1 600w, https:\/\/i0.wp.com\/cdnoticias.com\/wp-content\/uploads\/2026\/04\/secuestromoto2.png?zoom=2&amp;resize=130%2C90&amp;ssl=1 260w\" sizes=\"auto, (max-width: 130px) 100vw, 130px\" \/><\/a><\/figure>\r\n\t\t\t\t<div class=\"cm-post-content\">\r\n\t\t\t\t\t<div class=\"cm-entry-header-meta\"><div class=\"cm-post-categories\"><a href=\"https:\/\/cdnoticias.com\/index.php\/category\/policiales\/\" rel=\"category tag\">Policiales<\/a><a href=\"https:\/\/cdnoticias.com\/index.php\/category\/portada\/\" style=\"background:#1e73be\" rel=\"category tag\">Portada<\/a><\/div><\/div><h3 class=\"cm-entry-title\">\t\t\t<a href=\"https:\/\/cdnoticias.com\/index.php\/2026\/04\/13\/incautaron-dos-motos-con-irregularidades-en-operativos-preventivos-en-la-ciudad\/\" title=\"Incautaron dos motos con irregularidades en operativos preventivos en la ciudad\">\r\n\t\t\tIncautaron dos motos con irregularidades en operativos preventivos en la ciudad\t\t\t<\/a>\r\n\t\t<\/h3><div class=\"cm-below-entry-meta \"><\/div>\r\n\t\t\t\t\t\t\t\t\t<\/div>\r\n\t\t\t<\/div>\r\n\r\n\t\t\t\r\n\t\t\t<div class=\"cm-post\">\r\n\t\t\t\t<a href=\"https:\/\/cdnoticias.com\/index.php\/2026\/04\/13\/una-motociclista-herida-en-barrio-san-vicente\/\" title=\"Una motociclista herida en barrio San Vicente\"><img loading=\"lazy\" decoding=\"async\" width=\"130\" height=\"90\" src=\"https:\/\/i0.wp.com\/cdnoticias.com\/wp-content\/uploads\/2026\/04\/choque-pringles-y-canaveri-A.jpg?resize=130%2C90&amp;ssl=1\" class=\"attachment-colormag-featured-post-small size-colormag-featured-post-small wp-post-image\" alt=\"Una motociclista herida en barrio San Vicente\" title=\"Una motociclista herida en barrio San Vicente\" srcset=\"https:\/\/i0.wp.com\/cdnoticias.com\/wp-content\/uploads\/2026\/04\/choque-pringles-y-canaveri-A.jpg?resize=392%2C272&amp;ssl=1 392w, https:\/\/i0.wp.com\/cdnoticias.com\/wp-content\/uploads\/2026\/04\/choque-pringles-y-canaveri-A.jpg?resize=130%2C90&amp;ssl=1 130w, https:\/\/i0.wp.com\/cdnoticias.com\/wp-content\/uploads\/2026\/04\/choque-pringles-y-canaveri-A.jpg?resize=600%2C417&amp;ssl=1 600w, https:\/\/i0.wp.com\/cdnoticias.com\/wp-content\/uploads\/2026\/04\/choque-pringles-y-canaveri-A.jpg?zoom=2&amp;resize=130%2C90&amp;ssl=1 260w\" sizes=\"auto, (max-width: 130px) 100vw, 130px\" \/><\/a><\/figure>\r\n\t\t\t\t<div class=\"cm-post-content\">\r\n\t\t\t\t\t<div class=\"cm-entry-header-meta\"><div class=\"cm-post-categories\"><a href=\"https:\/\/cdnoticias.com\/index.php\/category\/policiales\/\" rel=\"category tag\">Policiales<\/a><a href=\"https:\/\/cdnoticias.com\/index.php\/category\/portada\/\" style=\"background:#1e73be\" rel=\"category tag\">Portada<\/a><\/div><\/div><h3 class=\"cm-entry-title\">\t\t\t<a href=\"https:\/\/cdnoticias.com\/index.php\/2026\/04\/13\/una-motociclista-herida-en-barrio-san-vicente\/\" title=\"Una motociclista herida en barrio San Vicente\">\r\n\t\t\tUna motociclista herida en barrio San Vicente\t\t\t<\/a>\r\n\t\t<\/h3><div class=\"cm-below-entry-meta \"><\/div>\r\n\t\t\t\t\t\t\t\t\t<\/div>\r\n\t\t\t<\/div>\r\n\r\n\t\t\t\r\n\t\t\t<div class=\"cm-post\">\r\n\t\t\t\t<a href=\"https:\/\/cdnoticias.com\/index.php\/2026\/04\/11\/detuvieron-a-un-joven-en-laprida-por-robar-varios-elementos-de-una-vivienda-en-olavarria\/\" title=\"Detuvieron a un joven en Laprida por robar varios elementos de una vivienda en Olavarr\u00eda\"><img loading=\"lazy\" decoding=\"async\" width=\"130\" height=\"90\" src=\"https:\/\/i0.wp.com\/cdnoticias.com\/wp-content\/uploads\/2026\/04\/WhatsApp-Image-2026-04-11-at-09.13.31-1-e1775913927641.jpeg?resize=130%2C90&amp;ssl=1\" class=\"attachment-colormag-featured-post-small size-colormag-featured-post-small wp-post-image\" alt=\"Detuvieron a un joven en Laprida por robar varios elementos de una vivienda en Olavarr\u00eda\" title=\"Detuvieron a un joven en Laprida por robar varios elementos de una vivienda en Olavarr\u00eda\" srcset=\"https:\/\/i0.wp.com\/cdnoticias.com\/wp-content\/uploads\/2026\/04\/WhatsApp-Image-2026-04-11-at-09.13.31-1-e1775913927641.jpeg?resize=392%2C272&amp;ssl=1 392w, https:\/\/i0.wp.com\/cdnoticias.com\/wp-content\/uploads\/2026\/04\/WhatsApp-Image-2026-04-11-at-09.13.31-1-e1775913927641.jpeg?resize=130%2C90&amp;ssl=1 130w, https:\/\/i0.wp.com\/cdnoticias.com\/wp-content\/uploads\/2026\/04\/WhatsApp-Image-2026-04-11-at-09.13.31-1-e1775913927641.jpeg?resize=600%2C417&amp;ssl=1 600w, https:\/\/i0.wp.com\/cdnoticias.com\/wp-content\/uploads\/2026\/04\/WhatsApp-Image-2026-04-11-at-09.13.31-1-e1775913927641.jpeg?zoom=2&amp;resize=130%2C90&amp;ssl=1 260w\" sizes=\"auto, (max-width: 130px) 100vw, 130px\" \/><\/a><\/figure>\r\n\t\t\t\t<div class=\"cm-post-content\">\r\n\t\t\t\t\t<div class=\"cm-entry-header-meta\"><div class=\"cm-post-categories\"><a href=\"https:\/\/cdnoticias.com\/index.php\/category\/policiales\/\" rel=\"category tag\">Policiales<\/a><a href=\"https:\/\/cdnoticias.com\/index.php\/category\/portada\/\" style=\"background:#1e73be\" rel=\"category tag\">Portada<\/a><\/div><\/div><h3 class=\"cm-entry-title\">\t\t\t<a href=\"https:\/\/cdnoticias.com\/index.php\/2026\/04\/11\/detuvieron-a-un-joven-en-laprida-por-robar-varios-elementos-de-una-vivienda-en-olavarria\/\" title=\"Detuvieron a un joven en Laprida por robar varios elementos de una vivienda en Olavarr\u00eda\">\r\n\t\t\tDetuvieron a un joven en Laprida por robar varios elementos de una vivienda en Olavarr\u00eda\t\t\t<\/a>\r\n\t\t<\/h3><div class=\"cm-below-entry-meta \"><\/div>\r\n\t\t\t\t\t\t\t\t\t<\/div>\r\n\t\t\t<\/div>\r\n\r\n\t\t\t\r\n\t\t\t<div class=\"cm-post\">\r\n\t\t\t\t<a href=\"https:\/\/cdnoticias.com\/index.php\/2026\/04\/11\/secuestraron-cerca-de-100-kilos-de-carne-en-allanamientos-por-un-abigeato\/\" title=\"Secuestraron cerca de 100 kilos de carne en allanamientos por un abigeato\"><img loading=\"lazy\" decoding=\"async\" width=\"130\" height=\"90\" src=\"https:\/\/i0.wp.com\/cdnoticias.com\/wp-content\/uploads\/2026\/04\/WhatsApp-Image-2026-04-11-at-09.13.31-e1775910537177.jpeg?resize=130%2C90&amp;ssl=1\" class=\"attachment-colormag-featured-post-small size-colormag-featured-post-small wp-post-image\" alt=\"Secuestraron cerca de 100 kilos de carne en allanamientos por un abigeato\" title=\"Secuestraron cerca de 100 kilos de carne en allanamientos por un abigeato\" srcset=\"https:\/\/i0.wp.com\/cdnoticias.com\/wp-content\/uploads\/2026\/04\/WhatsApp-Image-2026-04-11-at-09.13.31-e1775910537177.jpeg?resize=392%2C272&amp;ssl=1 392w, https:\/\/i0.wp.com\/cdnoticias.com\/wp-content\/uploads\/2026\/04\/WhatsApp-Image-2026-04-11-at-09.13.31-e1775910537177.jpeg?resize=130%2C90&amp;ssl=1 130w, https:\/\/i0.wp.com\/cdnoticias.com\/wp-content\/uploads\/2026\/04\/WhatsApp-Image-2026-04-11-at-09.13.31-e1775910537177.jpeg?resize=600%2C417&amp;ssl=1 600w, https:\/\/i0.wp.com\/cdnoticias.com\/wp-content\/uploads\/2026\/04\/WhatsApp-Image-2026-04-11-at-09.13.31-e1775910537177.jpeg?zoom=2&amp;resize=130%2C90&amp;ssl=1 260w\" sizes=\"auto, (max-width: 130px) 100vw, 130px\" \/><\/a><\/figure>\r\n\t\t\t\t<div class=\"cm-post-content\">\r\n\t\t\t\t\t<div class=\"cm-entry-header-meta\"><div class=\"cm-post-categories\"><a href=\"https:\/\/cdnoticias.com\/index.php\/category\/policiales\/\" rel=\"category tag\">Policiales<\/a><a href=\"https:\/\/cdnoticias.com\/index.php\/category\/portada\/\" style=\"background:#1e73be\" rel=\"category tag\">Portada<\/a><\/div><\/div><h3 class=\"cm-entry-title\">\t\t\t<a href=\"https:\/\/cdnoticias.com\/index.php\/2026\/04\/11\/secuestraron-cerca-de-100-kilos-de-carne-en-allanamientos-por-un-abigeato\/\" title=\"Secuestraron cerca de 100 kilos de carne en allanamientos por un abigeato\">\r\n\t\t\tSecuestraron cerca de 100 kilos de carne en allanamientos por un abigeato\t\t\t<\/a>\r\n\t\t<\/h3><div class=\"cm-below-entry-meta \"><\/div>\r\n\t\t\t\t\t\t\t\t\t<\/div>\r\n\t\t\t<\/div>\r\n\r\n\t\t\t\r\n\t\t\t<div class=\"cm-post\">\r\n\t\t\t\t<a href=\"https:\/\/cdnoticias.com\/index.php\/2026\/04\/10\/un-automovilista-herido-en-un-choque-en-pleno-centro\/\" title=\"Un automovilista herido en un choque en pleno centro\"><img loading=\"lazy\" decoding=\"async\" width=\"130\" height=\"90\" src=\"https:\/\/i0.wp.com\/cdnoticias.com\/wp-content\/uploads\/2026\/04\/choque-espana-y-necochea-2.jpeg?resize=130%2C90&amp;ssl=1\" class=\"attachment-colormag-featured-post-small size-colormag-featured-post-small wp-post-image\" alt=\"Un automovilista herido en un choque en pleno centro\" title=\"Un automovilista herido en un choque en pleno centro\" srcset=\"https:\/\/i0.wp.com\/cdnoticias.com\/wp-content\/uploads\/2026\/04\/choque-espana-y-necochea-2.jpeg?resize=392%2C272&amp;ssl=1 392w, https:\/\/i0.wp.com\/cdnoticias.com\/wp-content\/uploads\/2026\/04\/choque-espana-y-necochea-2.jpeg?resize=130%2C90&amp;ssl=1 130w, https:\/\/i0.wp.com\/cdnoticias.com\/wp-content\/uploads\/2026\/04\/choque-espana-y-necochea-2.jpeg?resize=600%2C417&amp;ssl=1 600w, https:\/\/i0.wp.com\/cdnoticias.com\/wp-content\/uploads\/2026\/04\/choque-espana-y-necochea-2.jpeg?zoom=2&amp;resize=130%2C90&amp;ssl=1 260w\" sizes=\"auto, (max-width: 130px) 100vw, 130px\" \/><\/a><\/figure>\r\n\t\t\t\t<div class=\"cm-post-content\">\r\n\t\t\t\t\t<div class=\"cm-entry-header-meta\"><div class=\"cm-post-categories\"><a href=\"https:\/\/cdnoticias.com\/index.php\/category\/policiales\/\" rel=\"category tag\">Policiales<\/a><a href=\"https:\/\/cdnoticias.com\/index.php\/category\/portada\/\" style=\"background:#1e73be\" rel=\"category tag\">Portada<\/a><\/div><\/div><h3 class=\"cm-entry-title\">\t\t\t<a href=\"https:\/\/cdnoticias.com\/index.php\/2026\/04\/10\/un-automovilista-herido-en-un-choque-en-pleno-centro\/\" title=\"Un automovilista herido en un choque en pleno centro\">\r\n\t\t\tUn automovilista herido en un choque en pleno centro\t\t\t<\/a>\r\n\t\t<\/h3><div class=\"cm-below-entry-meta \"><\/div>\r\n\t\t\t\t\t\t\t\t\t<\/div>\r\n\t\t\t<\/div>\r\n\r\n\t\t\t\r\n\t\t\t<div class=\"cm-post\">\r\n\t\t\t\t<a href=\"https:\/\/cdnoticias.com\/index.php\/2026\/04\/09\/operativo-multiagencial-contra-la-trata-detecto-infracciones-en-10-establecimientos-de-olavarria\/\" title=\"Operativo multiagencial contra la trata detect\u00f3 infracciones en 10 establecimientos de Olavarr\u00eda\"><img loading=\"lazy\" decoding=\"async\" width=\"130\" height=\"90\" src=\"https:\/\/i0.wp.com\/cdnoticias.com\/wp-content\/uploads\/2026\/04\/control-coronel1.png?resize=130%2C90&amp;ssl=1\" class=\"attachment-colormag-featured-post-small size-colormag-featured-post-small wp-post-image\" alt=\"Operativo multiagencial contra la trata detect\u00f3 infracciones en 10 establecimientos de Olavarr\u00eda\" title=\"Operativo multiagencial contra la trata detect\u00f3 infracciones en 10 establecimientos de Olavarr\u00eda\" srcset=\"https:\/\/i0.wp.com\/cdnoticias.com\/wp-content\/uploads\/2026\/04\/control-coronel1.png?resize=392%2C272&amp;ssl=1 392w, https:\/\/i0.wp.com\/cdnoticias.com\/wp-content\/uploads\/2026\/04\/control-coronel1.png?resize=130%2C90&amp;ssl=1 130w, https:\/\/i0.wp.com\/cdnoticias.com\/wp-content\/uploads\/2026\/04\/control-coronel1.png?resize=600%2C417&amp;ssl=1 600w, https:\/\/i0.wp.com\/cdnoticias.com\/wp-content\/uploads\/2026\/04\/control-coronel1.png?zoom=2&amp;resize=130%2C90&amp;ssl=1 260w\" sizes=\"auto, (max-width: 130px) 100vw, 130px\" \/><\/a><\/figure>\r\n\t\t\t\t<div class=\"cm-post-content\">\r\n\t\t\t\t\t<div class=\"cm-entry-header-meta\"><div class=\"cm-post-categories\"><a href=\"https:\/\/cdnoticias.com\/index.php\/category\/policiales\/\" rel=\"category tag\">Policiales<\/a><a href=\"https:\/\/cdnoticias.com\/index.php\/category\/portada\/\" style=\"background:#1e73be\" rel=\"category tag\">Portada<\/a><\/div><\/div><h3 class=\"cm-entry-title\">\t\t\t<a href=\"https:\/\/cdnoticias.com\/index.php\/2026\/04\/09\/operativo-multiagencial-contra-la-trata-detecto-infracciones-en-10-establecimientos-de-olavarria\/\" title=\"Operativo multiagencial contra la trata detect\u00f3 infracciones en 10 establecimientos de Olavarr\u00eda\">\r\n\t\t\tOperativo multiagencial contra la trata detect\u00f3 infracciones en 10 establecimientos de Olavarr\u00eda\t\t\t<\/a>\r\n\t\t<\/h3><div class=\"cm-below-entry-meta \"><\/div>\r\n\t\t\t\t\t\t\t\t\t<\/div>\r\n\t\t\t<\/div>\r\n\r\n\t\t\t\r\n\t\t\t<div class=\"cm-post\">\r\n\t\t\t\t<a href=\"https:\/\/cdnoticias.com\/index.php\/2026\/04\/09\/roldan-la-condena-era-la-esperada-pero-deja-un-sabor-amargo\/\" title=\"Rold\u00e1n: \u201cLa condena era la esperada, pero deja un sabor amargo\u201d\"><img loading=\"lazy\" decoding=\"async\" width=\"130\" height=\"90\" src=\"https:\/\/i0.wp.com\/cdnoticias.com\/wp-content\/uploads\/2023\/03\/sergio-roldan-02.jpg?resize=130%2C90&amp;ssl=1\" class=\"attachment-colormag-featured-post-small size-colormag-featured-post-small wp-post-image\" alt=\"Rold\u00e1n: \u201cLa condena era la esperada, pero deja un sabor amargo\u201d\" title=\"Rold\u00e1n: \u201cLa condena era la esperada, pero deja un sabor amargo\u201d\" srcset=\"https:\/\/i0.wp.com\/cdnoticias.com\/wp-content\/uploads\/2023\/03\/sergio-roldan-02.jpg?resize=392%2C272&amp;ssl=1 392w, https:\/\/i0.wp.com\/cdnoticias.com\/wp-content\/uploads\/2023\/03\/sergio-roldan-02.jpg?resize=130%2C90&amp;ssl=1 130w, https:\/\/i0.wp.com\/cdnoticias.com\/wp-content\/uploads\/2023\/03\/sergio-roldan-02.jpg?zoom=2&amp;resize=130%2C90&amp;ssl=1 260w\" sizes=\"auto, (max-width: 130px) 100vw, 130px\" \/><\/a><\/figure>\r\n\t\t\t\t<div class=\"cm-post-content\">\r\n\t\t\t\t\t<div class=\"cm-entry-header-meta\"><div class=\"cm-post-categories\"><a href=\"https:\/\/cdnoticias.com\/index.php\/category\/policiales\/\" rel=\"category tag\">Policiales<\/a><a href=\"https:\/\/cdnoticias.com\/index.php\/category\/portada\/\" style=\"background:#1e73be\" rel=\"category tag\">Portada<\/a><\/div><\/div><h3 class=\"cm-entry-title\">\t\t\t<a href=\"https:\/\/cdnoticias.com\/index.php\/2026\/04\/09\/roldan-la-condena-era-la-esperada-pero-deja-un-sabor-amargo\/\" title=\"Rold\u00e1n: \u201cLa condena era la esperada, pero deja un sabor amargo\u201d\">\r\n\t\t\tRold\u00e1n: \u201cLa condena era la esperada, pero deja un sabor amargo\u201d\t\t\t<\/a>\r\n\t\t<\/h3><div class=\"cm-below-entry-meta \"><\/div>\r\n\t\t\t\t\t\t\t\t\t<\/div>\r\n\t\t\t<\/div>\r\n\r\n\t\t\t\r\n\t\t\t<div class=\"cm-post\">\r\n\t\t\t\t<a href=\"https:\/\/cdnoticias.com\/index.php\/2026\/04\/09\/ciclista-herido-tras-un-choque-con-un-auto-en-colon-y-san-lorenzo\/\" title=\"Ciclista herido tras un choque con un auto en Col\u00f3n y San Lorenzo\"><img loading=\"lazy\" decoding=\"async\" width=\"130\" height=\"90\" src=\"https:\/\/i0.wp.com\/cdnoticias.com\/wp-content\/uploads\/2026\/04\/choque-colon-sanlorenzo-02.png?resize=130%2C90&amp;ssl=1\" class=\"attachment-colormag-featured-post-small size-colormag-featured-post-small wp-post-image\" alt=\"Ciclista herido tras un choque con un auto en Col\u00f3n y San Lorenzo\" title=\"Ciclista herido tras un choque con un auto en Col\u00f3n y San Lorenzo\" srcset=\"https:\/\/i0.wp.com\/cdnoticias.com\/wp-content\/uploads\/2026\/04\/choque-colon-sanlorenzo-02.png?resize=392%2C272&amp;ssl=1 392w, https:\/\/i0.wp.com\/cdnoticias.com\/wp-content\/uploads\/2026\/04\/choque-colon-sanlorenzo-02.png?resize=130%2C90&amp;ssl=1 130w, https:\/\/i0.wp.com\/cdnoticias.com\/wp-content\/uploads\/2026\/04\/choque-colon-sanlorenzo-02.png?resize=600%2C417&amp;ssl=1 600w, https:\/\/i0.wp.com\/cdnoticias.com\/wp-content\/uploads\/2026\/04\/choque-colon-sanlorenzo-02.png?zoom=2&amp;resize=130%2C90&amp;ssl=1 260w\" sizes=\"auto, (max-width: 130px) 100vw, 130px\" \/><\/a><\/figure>\r\n\t\t\t\t<div class=\"cm-post-content\">\r\n\t\t\t\t\t<div class=\"cm-entry-header-meta\"><div class=\"cm-post-categories\"><a href=\"https:\/\/cdnoticias.com\/index.php\/category\/policiales\/\" rel=\"category tag\">Policiales<\/a><a href=\"https:\/\/cdnoticias.com\/index.php\/category\/portada\/\" style=\"background:#1e73be\" rel=\"category tag\">Portada<\/a><\/div><\/div><h3 class=\"cm-entry-title\">\t\t\t<a href=\"https:\/\/cdnoticias.com\/index.php\/2026\/04\/09\/ciclista-herido-tras-un-choque-con-un-auto-en-colon-y-san-lorenzo\/\" title=\"Ciclista herido tras un choque con un auto en Col\u00f3n y San Lorenzo\">\r\n\t\t\tCiclista herido tras un choque con un auto en Col\u00f3n y San Lorenzo\t\t\t<\/a>\r\n\t\t<\/h3><div class=\"cm-below-entry-meta \"><\/div>\r\n\t\t\t\t\t\t\t\t\t<\/div>\r\n\t\t\t<\/div>\r\n\r\n\t\t\t\r\n\t\t\t<div class=\"cm-post\">\r\n\t\t\t\t<a href=\"https:\/\/cdnoticias.com\/index.php\/2026\/04\/08\/hallaron-dos-bicicletas-y-buscan-a-sus-propietarios\/\" title=\"Hallaron dos bicicletas y buscan a sus propietarios\"><img loading=\"lazy\" decoding=\"async\" width=\"130\" height=\"90\" src=\"https:\/\/i0.wp.com\/cdnoticias.com\/wp-content\/uploads\/2026\/04\/hallazgo-bicicleta-01.png?resize=130%2C90&amp;ssl=1\" class=\"attachment-colormag-featured-post-small size-colormag-featured-post-small wp-post-image\" alt=\"Hallaron dos bicicletas y buscan a sus propietarios\" title=\"Hallaron dos bicicletas y buscan a sus propietarios\" srcset=\"https:\/\/i0.wp.com\/cdnoticias.com\/wp-content\/uploads\/2026\/04\/hallazgo-bicicleta-01.png?resize=392%2C272&amp;ssl=1 392w, https:\/\/i0.wp.com\/cdnoticias.com\/wp-content\/uploads\/2026\/04\/hallazgo-bicicleta-01.png?resize=130%2C90&amp;ssl=1 130w, https:\/\/i0.wp.com\/cdnoticias.com\/wp-content\/uploads\/2026\/04\/hallazgo-bicicleta-01.png?resize=600%2C417&amp;ssl=1 600w, https:\/\/i0.wp.com\/cdnoticias.com\/wp-content\/uploads\/2026\/04\/hallazgo-bicicleta-01.png?zoom=2&amp;resize=130%2C90&amp;ssl=1 260w\" sizes=\"auto, (max-width: 130px) 100vw, 130px\" \/><\/a><\/figure>\r\n\t\t\t\t<div class=\"cm-post-content\">\r\n\t\t\t\t\t<div class=\"cm-entry-header-meta\"><div class=\"cm-post-categories\"><a href=\"https:\/\/cdnoticias.com\/index.php\/category\/policiales\/\" rel=\"category tag\">Policiales<\/a><a href=\"https:\/\/cdnoticias.com\/index.php\/category\/portada\/\" style=\"background:#1e73be\" rel=\"category tag\">Portada<\/a><\/div><\/div><h3 class=\"cm-entry-title\">\t\t\t<a href=\"https:\/\/cdnoticias.com\/index.php\/2026\/04\/08\/hallaron-dos-bicicletas-y-buscan-a-sus-propietarios\/\" title=\"Hallaron dos bicicletas y buscan a sus propietarios\">\r\n\t\t\tHallaron dos bicicletas y buscan a sus propietarios\t\t\t<\/a>\r\n\t\t<\/h3><div class=\"cm-below-entry-meta \"><\/div>\r\n\t\t\t\t\t\t\t\t\t<\/div>\r\n\t\t\t<\/div>\r\n\r\n\t\t\t\r\n\t\t\t<div class=\"cm-post\">\r\n\t\t\t\t<a href=\"https:\/\/cdnoticias.com\/index.php\/2026\/04\/07\/emergencias-policiales-en-olavarria-se-redujo-a-la-mitad-el-tiempo-de-respuesta\/\" title=\"Emergencias policiales en Olavarr\u00eda: se redujo a la mitad el tiempo de respuesta\"><img loading=\"lazy\" decoding=\"async\" width=\"130\" height=\"90\" src=\"https:\/\/i0.wp.com\/cdnoticias.com\/wp-content\/uploads\/2024\/10\/espigas-fiesta-aniversario-04-elias-quintas.jpg?resize=130%2C90&amp;ssl=1\" class=\"attachment-colormag-featured-post-small size-colormag-featured-post-small wp-post-image\" alt=\"Emergencias policiales en Olavarr\u00eda: se redujo a la mitad el tiempo de respuesta\" title=\"Emergencias policiales en Olavarr\u00eda: se redujo a la mitad el tiempo de respuesta\" srcset=\"https:\/\/i0.wp.com\/cdnoticias.com\/wp-content\/uploads\/2024\/10\/espigas-fiesta-aniversario-04-elias-quintas.jpg?resize=392%2C272&amp;ssl=1 392w, https:\/\/i0.wp.com\/cdnoticias.com\/wp-content\/uploads\/2024\/10\/espigas-fiesta-aniversario-04-elias-quintas.jpg?resize=130%2C90&amp;ssl=1 130w, https:\/\/i0.wp.com\/cdnoticias.com\/wp-content\/uploads\/2024\/10\/espigas-fiesta-aniversario-04-elias-quintas.jpg?zoom=2&amp;resize=130%2C90&amp;ssl=1 260w\" sizes=\"auto, (max-width: 130px) 100vw, 130px\" \/><\/a><\/figure>\r\n\t\t\t\t<div class=\"cm-post-content\">\r\n\t\t\t\t\t<div class=\"cm-entry-header-meta\"><div class=\"cm-post-categories\"><a href=\"https:\/\/cdnoticias.com\/index.php\/category\/policiales\/\" rel=\"category tag\">Policiales<\/a><a href=\"https:\/\/cdnoticias.com\/index.php\/category\/portada\/\" style=\"background:#1e73be\" rel=\"category tag\">Portada<\/a><\/div><\/div><h3 class=\"cm-entry-title\">\t\t\t<a href=\"https:\/\/cdnoticias.com\/index.php\/2026\/04\/07\/emergencias-policiales-en-olavarria-se-redujo-a-la-mitad-el-tiempo-de-respuesta\/\" title=\"Emergencias policiales en Olavarr\u00eda: se redujo a la mitad el tiempo de respuesta\">\r\n\t\t\tEmergencias policiales en Olavarr\u00eda: se redujo a la mitad el tiempo de respuesta\t\t\t<\/a>\r\n\t\t<\/h3><div class=\"cm-below-entry-meta \"><\/div>\r\n\t\t\t\t\t\t\t\t\t<\/div>\r\n\t\t\t<\/div>\r\n\r\n\t\t\t\r\n\t\t\t<div class=\"cm-post\">\r\n\t\t\t\t<a href=\"https:\/\/cdnoticias.com\/index.php\/2026\/04\/07\/la-misma-ferreteria-el-mismo-robo-sigue-la-joda-aca-en-olavarria\/\" title=\"La misma ferreter\u00eda, el mismo robo: \u201csigue la joda ac\u00e1 en Olavarr\u00eda\u201d\"><img loading=\"lazy\" decoding=\"async\" width=\"130\" height=\"90\" src=\"https:\/\/i0.wp.com\/cdnoticias.com\/wp-content\/uploads\/2026\/04\/robo-colon-e-independencia-7-de-abril-2026.jpg?resize=130%2C90&amp;ssl=1\" class=\"attachment-colormag-featured-post-small size-colormag-featured-post-small wp-post-image\" alt=\"La misma ferreter\u00eda, el mismo robo: \u201csigue la joda ac\u00e1 en Olavarr\u00eda\u201d\" title=\"La misma ferreter\u00eda, el mismo robo: \u201csigue la joda ac\u00e1 en Olavarr\u00eda\u201d\" srcset=\"https:\/\/i0.wp.com\/cdnoticias.com\/wp-content\/uploads\/2026\/04\/robo-colon-e-independencia-7-de-abril-2026.jpg?resize=392%2C272&amp;ssl=1 392w, https:\/\/i0.wp.com\/cdnoticias.com\/wp-content\/uploads\/2026\/04\/robo-colon-e-independencia-7-de-abril-2026.jpg?resize=130%2C90&amp;ssl=1 130w, https:\/\/i0.wp.com\/cdnoticias.com\/wp-content\/uploads\/2026\/04\/robo-colon-e-independencia-7-de-abril-2026.jpg?resize=600%2C417&amp;ssl=1 600w, https:\/\/i0.wp.com\/cdnoticias.com\/wp-content\/uploads\/2026\/04\/robo-colon-e-independencia-7-de-abril-2026.jpg?zoom=2&amp;resize=130%2C90&amp;ssl=1 260w\" sizes=\"auto, (max-width: 130px) 100vw, 130px\" \/><\/a><\/figure>\r\n\t\t\t\t<div class=\"cm-post-content\">\r\n\t\t\t\t\t<div class=\"cm-entry-header-meta\"><div class=\"cm-post-categories\"><a href=\"https:\/\/cdnoticias.com\/index.php\/category\/policiales\/\" rel=\"category tag\">Policiales<\/a><a href=\"https:\/\/cdnoticias.com\/index.php\/category\/portada\/\" style=\"background:#1e73be\" rel=\"category tag\">Portada<\/a><\/div><\/div><h3 class=\"cm-entry-title\">\t\t\t<a href=\"https:\/\/cdnoticias.com\/index.php\/2026\/04\/07\/la-misma-ferreteria-el-mismo-robo-sigue-la-joda-aca-en-olavarria\/\" title=\"La misma ferreter\u00eda, el mismo robo: \u201csigue la joda ac\u00e1 en Olavarr\u00eda\u201d\">\r\n\t\t\tLa misma ferreter\u00eda, el mismo robo: \u201csigue la joda ac\u00e1 en Olavarr\u00eda\u201d\t\t\t<\/a>\r\n\t\t<\/h3><div class=\"cm-below-entry-meta \"><\/div>\r\n\t\t\t\t\t\t\t\t\t<\/div>\r\n\t\t\t<\/div>\r\n\r\n\t\t\t\r\n\t\t\t<div class=\"cm-post\">\r\n\t\t\t\t<a href=\"https:\/\/cdnoticias.com\/index.php\/2026\/04\/06\/se-negaron-a-declarar-los-cuatro-acusados-de-robar-a-camioneros-en-olavarria-y-la-region\/\" title=\"Se negaron a declarar los cuatro acusados de robar a camioneros en Olavarr\u00eda y la regi\u00f3n\"><img loading=\"lazy\" decoding=\"async\" width=\"130\" height=\"90\" src=\"https:\/\/i0.wp.com\/cdnoticias.com\/wp-content\/uploads\/2026\/04\/DDI-allanamientos-robos-a-camioneros-02.jpg?resize=130%2C90&amp;ssl=1\" class=\"attachment-colormag-featured-post-small size-colormag-featured-post-small wp-post-image\" alt=\"Se negaron a declarar los cuatro acusados de robar a camioneros en Olavarr\u00eda y la regi\u00f3n\" title=\"Se negaron a declarar los cuatro acusados de robar a camioneros en Olavarr\u00eda y la regi\u00f3n\" srcset=\"https:\/\/i0.wp.com\/cdnoticias.com\/wp-content\/uploads\/2026\/04\/DDI-allanamientos-robos-a-camioneros-02.jpg?resize=392%2C272&amp;ssl=1 392w, https:\/\/i0.wp.com\/cdnoticias.com\/wp-content\/uploads\/2026\/04\/DDI-allanamientos-robos-a-camioneros-02.jpg?resize=130%2C90&amp;ssl=1 130w, https:\/\/i0.wp.com\/cdnoticias.com\/wp-content\/uploads\/2026\/04\/DDI-allanamientos-robos-a-camioneros-02.jpg?resize=600%2C417&amp;ssl=1 600w, https:\/\/i0.wp.com\/cdnoticias.com\/wp-content\/uploads\/2026\/04\/DDI-allanamientos-robos-a-camioneros-02.jpg?zoom=2&amp;resize=130%2C90&amp;ssl=1 260w\" sizes=\"auto, (max-width: 130px) 100vw, 130px\" \/><\/a><\/figure>\r\n\t\t\t\t<div class=\"cm-post-content\">\r\n\t\t\t\t\t<div class=\"cm-entry-header-meta\"><div class=\"cm-post-categories\"><a href=\"https:\/\/cdnoticias.com\/index.php\/category\/policiales\/\" rel=\"category tag\">Policiales<\/a><a href=\"https:\/\/cdnoticias.com\/index.php\/category\/portada\/\" style=\"background:#1e73be\" rel=\"category tag\">Portada<\/a><\/div><\/div><h3 class=\"cm-entry-title\">\t\t\t<a href=\"https:\/\/cdnoticias.com\/index.php\/2026\/04\/06\/se-negaron-a-declarar-los-cuatro-acusados-de-robar-a-camioneros-en-olavarria-y-la-region\/\" title=\"Se negaron a declarar los cuatro acusados de robar a camioneros en Olavarr\u00eda y la regi\u00f3n\">\r\n\t\t\tSe negaron a declarar los cuatro acusados de robar a camioneros en Olavarr\u00eda y la regi\u00f3n\t\t\t<\/a>\r\n\t\t<\/h3><div class=\"cm-below-entry-meta \"><\/div>\r\n\t\t\t\t\t\t\t\t\t<\/div>\r\n\t\t\t<\/div>\r\n\r\n\t\t\t\r\n\t\t\t<div class=\"cm-post\">\r\n\t\t\t\t<a href=\"https:\/\/cdnoticias.com\/index.php\/2026\/04\/06\/incendio-en-la-cochera-de-un-edificio-no-hubo-heridos\/\" title=\"Incendio en la cochera de un edificio: no hubo heridos\"><img loading=\"lazy\" decoding=\"async\" width=\"130\" height=\"90\" src=\"https:\/\/i0.wp.com\/cdnoticias.com\/wp-content\/uploads\/2026\/04\/incendio-auto-dorrego2100-04.png?resize=130%2C90&amp;ssl=1\" class=\"attachment-colormag-featured-post-small size-colormag-featured-post-small wp-post-image\" alt=\"Incendio en la cochera de un edificio: no hubo heridos\" title=\"Incendio en la cochera de un edificio: no hubo heridos\" srcset=\"https:\/\/i0.wp.com\/cdnoticias.com\/wp-content\/uploads\/2026\/04\/incendio-auto-dorrego2100-04.png?resize=392%2C272&amp;ssl=1 392w, https:\/\/i0.wp.com\/cdnoticias.com\/wp-content\/uploads\/2026\/04\/incendio-auto-dorrego2100-04.png?resize=130%2C90&amp;ssl=1 130w, https:\/\/i0.wp.com\/cdnoticias.com\/wp-content\/uploads\/2026\/04\/incendio-auto-dorrego2100-04.png?resize=600%2C417&amp;ssl=1 600w, https:\/\/i0.wp.com\/cdnoticias.com\/wp-content\/uploads\/2026\/04\/incendio-auto-dorrego2100-04.png?zoom=2&amp;resize=130%2C90&amp;ssl=1 260w\" sizes=\"auto, (max-width: 130px) 100vw, 130px\" \/><\/a><\/figure>\r\n\t\t\t\t<div class=\"cm-post-content\">\r\n\t\t\t\t\t<div class=\"cm-entry-header-meta\"><div class=\"cm-post-categories\"><a href=\"https:\/\/cdnoticias.com\/index.php\/category\/policiales\/\" rel=\"category tag\">Policiales<\/a><a href=\"https:\/\/cdnoticias.com\/index.php\/category\/portada\/\" style=\"background:#1e73be\" rel=\"category tag\">Portada<\/a><\/div><\/div><h3 class=\"cm-entry-title\">\t\t\t<a href=\"https:\/\/cdnoticias.com\/index.php\/2026\/04\/06\/incendio-en-la-cochera-de-un-edificio-no-hubo-heridos\/\" title=\"Incendio en la cochera de un edificio: no hubo heridos\">\r\n\t\t\tIncendio en la cochera de un edificio: no hubo heridos\t\t\t<\/a>\r\n\t\t<\/h3><div class=\"cm-below-entry-meta \"><\/div>\r\n\t\t\t\t\t\t\t\t\t<\/div>\r\n\t\t\t<\/div>\r\n\r\n\t\t\t\r\n\t\t\t<div class=\"cm-post\">\r\n\t\t\t\t<a href=\"https:\/\/cdnoticias.com\/index.php\/2026\/04\/05\/sierras-bayas-la-policia-lo-persiguio-rozo-a-un-movil-y-termino-chocado-contra-un-arbol\/\" title=\"Sierras Bayas: la polic\u00eda lo persigui\u00f3, roz\u00f3 a un m\u00f3vil y termin\u00f3 chocado contra un \u00e1rbol\"><img loading=\"lazy\" decoding=\"async\" width=\"130\" height=\"90\" src=\"https:\/\/i0.wp.com\/cdnoticias.com\/wp-content\/uploads\/2026\/04\/LOMA-DE-DIETRICH-CAMINO-A-COLONIA-SAN-MIGUEL-00.jpg?resize=130%2C90&amp;ssl=1\" class=\"attachment-colormag-featured-post-small size-colormag-featured-post-small wp-post-image\" alt=\"Sierras Bayas: la polic\u00eda lo persigui\u00f3, roz\u00f3 a un m\u00f3vil y termin\u00f3 chocado contra un \u00e1rbol\" title=\"Sierras Bayas: la polic\u00eda lo persigui\u00f3, roz\u00f3 a un m\u00f3vil y termin\u00f3 chocado contra un \u00e1rbol\" srcset=\"https:\/\/i0.wp.com\/cdnoticias.com\/wp-content\/uploads\/2026\/04\/LOMA-DE-DIETRICH-CAMINO-A-COLONIA-SAN-MIGUEL-00.jpg?resize=392%2C272&amp;ssl=1 392w, https:\/\/i0.wp.com\/cdnoticias.com\/wp-content\/uploads\/2026\/04\/LOMA-DE-DIETRICH-CAMINO-A-COLONIA-SAN-MIGUEL-00.jpg?resize=130%2C90&amp;ssl=1 130w, https:\/\/i0.wp.com\/cdnoticias.com\/wp-content\/uploads\/2026\/04\/LOMA-DE-DIETRICH-CAMINO-A-COLONIA-SAN-MIGUEL-00.jpg?resize=600%2C417&amp;ssl=1 600w, https:\/\/i0.wp.com\/cdnoticias.com\/wp-content\/uploads\/2026\/04\/LOMA-DE-DIETRICH-CAMINO-A-COLONIA-SAN-MIGUEL-00.jpg?zoom=2&amp;resize=130%2C90&amp;ssl=1 260w\" sizes=\"auto, (max-width: 130px) 100vw, 130px\" \/><\/a><\/figure>\r\n\t\t\t\t<div class=\"cm-post-content\">\r\n\t\t\t\t\t<div class=\"cm-entry-header-meta\"><div class=\"cm-post-categories\"><a href=\"https:\/\/cdnoticias.com\/index.php\/category\/policiales\/\" rel=\"category tag\">Policiales<\/a><a href=\"https:\/\/cdnoticias.com\/index.php\/category\/portada\/\" style=\"background:#1e73be\" rel=\"category tag\">Portada<\/a><\/div><\/div><h3 class=\"cm-entry-title\">\t\t\t<a href=\"https:\/\/cdnoticias.com\/index.php\/2026\/04\/05\/sierras-bayas-la-policia-lo-persiguio-rozo-a-un-movil-y-termino-chocado-contra-un-arbol\/\" title=\"Sierras Bayas: la polic\u00eda lo persigui\u00f3, roz\u00f3 a un m\u00f3vil y termin\u00f3 chocado contra un \u00e1rbol\">\r\n\t\t\tSierras Bayas: la polic\u00eda lo persigui\u00f3, roz\u00f3 a un m\u00f3vil y termin\u00f3 chocado contra un \u00e1rbol\t\t\t<\/a>\r\n\t\t<\/h3><div class=\"cm-below-entry-meta \"><\/div>\r\n\t\t\t\t\t\t\t\t\t<\/div>\r\n\t\t\t<\/div>\r\n\r\n\t\t\t\r\n\t\t\t<div class=\"cm-post\">\r\n\t\t\t\t<a href=\"https:\/\/cdnoticias.com\/index.php\/2026\/04\/04\/infracciones-por-caza-furtiva-hay-un-menor-entre-los-acusados\/\" title=\"Infracciones por caza furtiva: hay un menor entre los acusados\"><img loading=\"lazy\" decoding=\"async\" width=\"130\" height=\"90\" src=\"https:\/\/i0.wp.com\/cdnoticias.com\/wp-content\/uploads\/2026\/04\/camino-vecinal-Pourtale-y-Ruta-51-loma-negra.jpg?resize=130%2C90&amp;ssl=1\" class=\"attachment-colormag-featured-post-small size-colormag-featured-post-small wp-post-image\" alt=\"Infracciones por caza furtiva: hay un menor entre los acusados\" title=\"Infracciones por caza furtiva: hay un menor entre los acusados\" srcset=\"https:\/\/i0.wp.com\/cdnoticias.com\/wp-content\/uploads\/2026\/04\/camino-vecinal-Pourtale-y-Ruta-51-loma-negra.jpg?resize=392%2C272&amp;ssl=1 392w, https:\/\/i0.wp.com\/cdnoticias.com\/wp-content\/uploads\/2026\/04\/camino-vecinal-Pourtale-y-Ruta-51-loma-negra.jpg?resize=130%2C90&amp;ssl=1 130w, https:\/\/i0.wp.com\/cdnoticias.com\/wp-content\/uploads\/2026\/04\/camino-vecinal-Pourtale-y-Ruta-51-loma-negra.jpg?resize=600%2C417&amp;ssl=1 600w, https:\/\/i0.wp.com\/cdnoticias.com\/wp-content\/uploads\/2026\/04\/camino-vecinal-Pourtale-y-Ruta-51-loma-negra.jpg?zoom=2&amp;resize=130%2C90&amp;ssl=1 260w\" sizes=\"auto, (max-width: 130px) 100vw, 130px\" \/><\/a><\/figure>\r\n\t\t\t\t<div class=\"cm-post-content\">\r\n\t\t\t\t\t<div class=\"cm-entry-header-meta\"><div class=\"cm-post-categories\"><a href=\"https:\/\/cdnoticias.com\/index.php\/category\/policiales\/\" rel=\"category tag\">Policiales<\/a><a href=\"https:\/\/cdnoticias.com\/index.php\/category\/portada\/\" style=\"background:#1e73be\" rel=\"category tag\">Portada<\/a><\/div><\/div><h3 class=\"cm-entry-title\">\t\t\t<a href=\"https:\/\/cdnoticias.com\/index.php\/2026\/04\/04\/infracciones-por-caza-furtiva-hay-un-menor-entre-los-acusados\/\" title=\"Infracciones por caza furtiva: hay un menor entre los acusados\">\r\n\t\t\tInfracciones por caza furtiva: hay un menor entre los acusados\t\t\t<\/a>\r\n\t\t<\/h3><div class=\"cm-below-entry-meta \"><\/div>\r\n\t\t\t\t\t\t\t\t\t<\/div>\r\n\t\t\t<\/div>\r\n\r\n\t\t\t<\/div><\/div><\/div><\/div><\/div>","protected":false},"excerpt":{"rendered":"<p>PolicialesPortada Fue hallada en Olavarr\u00eda una mujer que era buscada en Tandil Se hab\u00eda emitido una averiguaci\u00f3n de paradero de<\/p>\n","protected":false},"author":1,"featured_media":0,"parent":0,"menu_order":0,"comment_status":"closed","ping_status":"closed","template":"","meta":{"footnotes":""},"class_list":["post-7346","page","type-page","status-publish","hentry"],"jetpack_sharing_enabled":true,"_links":{"self":[{"href":"https:\/\/cdnoticias.com\/index.php\/wp-json\/wp\/v2\/pages\/7346","targetHints":{"allow":["GET"]}}],"collection":[{"href":"https:\/\/cdnoticias.com\/index.php\/wp-json\/wp\/v2\/pages"}],"about":[{"href":"https:\/\/cdnoticias.com\/index.php\/wp-json\/wp\/v2\/types\/page"}],"author":[{"embeddable":true,"href":"https:\/\/cdnoticias.com\/index.php\/wp-json\/wp\/v2\/users\/1"}],"replies":[{"embeddable":true,"href":"https:\/\/cdnoticias.com\/index.php\/wp-json\/wp\/v2\/comments?post=7346"}],"version-history":[{"count":0,"href":"https:\/\/cdnoticias.com\/index.php\/wp-json\/wp\/v2\/pages\/7346\/revisions"}],"wp:attachment":[{"href":"https:\/\/cdnoticias.com\/index.php\/wp-json\/wp\/v2\/media?parent=7346"}],"curies":[{"name":"wp","href":"https:\/\/api.w.org\/{rel}","templated":true}]}}